{"id":4007,"date":"2021-08-13T12:06:57","date_gmt":"2021-08-13T10:06:57","guid":{"rendered":"https:\/\/dhalmann.fr\/music\/?post_type=product&#038;p=4007"},"modified":"2023-09-05T14:03:35","modified_gmt":"2023-09-05T12:03:35","slug":"nous-marcherons-pieds-nus-sur-la-lune-eric-fischer","status":"publish","type":"product","link":"https:\/\/dhalmann.fr\/music\/en\/produit\/nous-marcherons-pieds-nus-sur-la-lune-eric-fischer\/","title":{"rendered":"Nous marcherons pieds nus sur la lune &#8211; Eric Fischer"},"content":{"rendered":"<h2>Nous marcherons pieds nus sur la lune &#8211; <a href=\"https:\/\/dhalmann.fr\/music\/product-category\/auteurs\/fischer-eric\/\">Eric Fischer<\/a><\/h2>\n<p>Quelques jours de la vie de Tobias Hume.<\/p>\n<p>Un ouvrage de 56 pages au format 13 x 20 cm.<br \/>\nPrix public TTC : 9 \u20ac.<br \/>\nEn vente en librairie ou directement sur ce site.<\/p>\n<p>Isbn 979-10-90268-00-5. R\u00e9f. \u00e9diteur : IT000<\/p>\n<p>Capitaine Tobias HUME : mercenaire \u00e9cossais, compositeur dilettante, virtuose de la viole de gambe, m\u00e9pris\u00e9 de son vivant et ignor\u00e9 par la suite des encyclop\u00e9dies musicales, personnage haut en couleurs ayant pour beaucoup, par ses propos, attitudes &amp; \u00e9crits outranciers, franchi les fronti\u00e8res de l\u2019\u00e9quilibre mental.<br \/>\n\u00ab Nous marcherons pieds nus sur la lune \u00bb retrace le temps de latence du capitaine Hume \u00e0 Riga d\u00e9but octobre 1605, entre la bataille de Kirkholm et son retour \u00e0 Londres.<br \/>\nSi l\u2019on envisage d\u2019une part la profondeur et d\u2019autre part l\u2019humour (nous dirions aujourd\u2019hui la distanciation) dans l\u2019\u0153uvre de Tobias Hume, nous pouvons ais\u00e9ment estimer que la musique accompagne chaque instant de sa vie et transfigure m\u00eame les choses &amp; \u00e9pisodes les plus terribles.<br \/>\n\u00c0 flou, les mots nous ressemblent parfois<br \/>\nComme bateaux \u00e9chou\u00e9s en plein champ<br \/>\nJe leur pr\u00e9f\u00e8re mes notes<br \/>\nPendant ces quelques jours, peut-\u00eatre quelques semaines, s\u2019il parle beaucoup de bravoure, de batailles et de femmes, une seule chose l\u2019occupe vraiment : la musique.<\/p>\n","protected":false},"excerpt":{"rendered":"<p>Quelques jours de la vie de Tobias Hume.<\/p>\n<p>Un ouvrage de 56 pages au format 13 x 20 cm.<\/p>\n","protected":false},"featured_media":4008,"template":"","meta":{"ocean_post_layout":"","ocean_both_sidebars_style":"","ocean_both_sidebars_content_width":0,"ocean_both_sidebars_sidebars_width":0,"ocean_sidebar":"0","ocean_second_sidebar":"0","ocean_disable_margins":"enable","ocean_add_body_class":"","ocean_shortcode_before_top_bar":"","ocean_shortcode_after_top_bar":"","ocean_shortcode_before_header":"","ocean_shortcode_after_header":"","ocean_has_shortcode":"","ocean_shortcode_after_title":"","ocean_shortcode_before_footer_widgets":"","ocean_shortcode_after_footer_widgets":"","ocean_shortcode_before_footer_bottom":"","ocean_shortcode_after_footer_bottom":"","ocean_display_top_bar":"default","ocean_display_header":"default","ocean_header_style":"","ocean_center_header_left_menu":"0","ocean_custom_header_template":"0","ocean_custom_logo":0,"ocean_custom_retina_logo":0,"ocean_custom_logo_max_width":0,"ocean_custom_logo_tablet_max_width":0,"ocean_custom_logo_mobile_max_width":0,"ocean_custom_logo_max_height":0,"ocean_custom_logo_tablet_max_height":0,"ocean_custom_logo_mobile_max_height":0,"ocean_header_custom_menu":"0","ocean_menu_typo_font_family":"0","ocean_menu_typo_font_subset":"","ocean_menu_typo_font_size":0,"ocean_menu_typo_font_size_tablet":0,"ocean_menu_typo_font_size_mobile":0,"ocean_menu_typo_font_size_unit":"px","ocean_menu_typo_font_weight":"","ocean_menu_typo_font_weight_tablet":"","ocean_menu_typo_font_weight_mobile":"","ocean_menu_typo_transform":"","ocean_menu_typo_transform_tablet":"","ocean_menu_typo_transform_mobile":"","ocean_menu_typo_line_height":0,"ocean_menu_typo_line_height_tablet":0,"ocean_menu_typo_line_height_mobile":0,"ocean_menu_typo_line_height_unit":"","ocean_menu_typo_spacing":0,"ocean_menu_typo_spacing_tablet":0,"ocean_menu_typo_spacing_mobile":0,"ocean_menu_typo_spacing_unit":"","ocean_menu_link_color":"","ocean_menu_link_color_hover":"","ocean_menu_link_color_active":"","ocean_menu_link_background":"","ocean_menu_link_hover_background":"","ocean_menu_link_active_background":"","ocean_menu_social_links_bg":"","ocean_menu_social_hover_links_bg":"","ocean_menu_social_links_color":"","ocean_menu_social_hover_links_color":"","ocean_disable_title":"default","ocean_disable_heading":"default","ocean_post_title":"","ocean_post_subheading":"","ocean_post_title_style":"","ocean_post_title_background_color":"","ocean_post_title_background":0,"ocean_post_title_bg_image_position":"","ocean_post_title_bg_image_attachment":"","ocean_post_title_bg_image_repeat":"","ocean_post_title_bg_image_size":"","ocean_post_title_height":0,"ocean_post_title_bg_overlay":0.5,"ocean_post_title_bg_overlay_color":"","ocean_disable_breadcrumbs":"default","ocean_breadcrumbs_color":"","ocean_breadcrumbs_separator_color":"","ocean_breadcrumbs_links_color":"","ocean_breadcrumbs_links_hover_color":"","ocean_display_footer_widgets":"default","ocean_display_footer_bottom":"default","ocean_custom_footer_template":"0"},"product_brand":[610],"product_cat":[62,503],"product_tag":[],"class_list":{"0":"post-4007","1":"product","2":"type-product","3":"status-publish","4":"has-post-thumbnail","6":"product_brand-editions-francois-dhalmann","7":"product_cat-fischer-eric","8":"product_cat-livres","10":"entry","11":"has-media","13":"first","14":"instock","15":"taxable","16":"shipping-taxable","17":"purchasable","18":"product-type-simple","19":"add-to-wishlist-before_image","20":"has-product-nav","21":"col","22":"span_1_of_4","23":"owp-content-center","24":"owp-thumbs-layout-horizontal","25":"owp-btn-normal","26":"owp-tabs-layout-horizontal","27":"has-no-thumbnails"},"yoast_head":"<!-- This site is optimized with the Yoast SEO plugin v27.5 - https:\/\/yoast.com\/product\/yoast-seo-wordpress\/ -->\n<title>Nous marcherons pieds nus sur la lune - Eric Fischer - Istesso Tempo<\/title>\n<meta name=\"description\" content=\"Quelques jours de la vie de Tobias Hume. Une nouvelle de 56 pages au format 13 x 20 cm. En vente sur le site des Editions Fran\u00e7ois Dhalmann\" \/>\n<meta name=\"robots\" content=\"index, follow, max-snippet:-1, max-image-preview:large, max-video-preview:-1\" \/>\n<link rel=\"canonical\" href=\"https:\/\/dhalmann.fr\/music\/en\/produit\/nous-marcherons-pieds-nus-sur-la-lune-eric-fischer\/\" \/>\n<meta property=\"og:locale\" content=\"en_US\" \/>\n<meta property=\"og:type\" content=\"article\" \/>\n<meta property=\"og:title\" content=\"Nous marcherons pieds nus sur la lune - Eric Fischer - Istesso Tempo\" \/>\n<meta property=\"og:description\" content=\"Quelques jours de la vie de Tobias Hume. Une nouvelle de 56 pages au format 13 x 20 cm. En vente sur le site des Editions Fran\u00e7ois Dhalmann\" \/>\n<meta property=\"og:url\" content=\"https:\/\/dhalmann.fr\/music\/en\/produit\/nous-marcherons-pieds-nus-sur-la-lune-eric-fischer\/\" \/>\n<meta property=\"og:site_name\" content=\"Editions Fran\u00e7ois Dhalmann\" \/>\n<meta property=\"article:publisher\" content=\"https:\/\/www.facebook.com\/EditionsDhalmann\/\" \/>\n<meta property=\"article:modified_time\" content=\"2023-09-05T12:03:35+00:00\" \/>\n<meta property=\"og:image\" content=\"https:\/\/dhalmann.fr\/music\/wp-content\/uploads\/2021\/08\/nous-marcherons-pieds-nus-sur-la-lune.jpg\" \/>\n\t<meta property=\"og:image:width\" content=\"458\" \/>\n\t<meta property=\"og:image:height\" content=\"707\" \/>\n\t<meta property=\"og:image:type\" content=\"image\/jpeg\" \/>\n<meta name=\"twitter:card\" content=\"summary_large_image\" \/>\n<meta name=\"twitter:site\" content=\"@editiondhalmann\" \/>\n<meta name=\"twitter:label1\" content=\"Est. reading time\" \/>\n\t<meta name=\"twitter:data1\" content=\"1 minute\" \/>\n<script type=\"application\/ld+json\" class=\"yoast-schema-graph\">{\"@context\":\"https:\\\/\\\/schema.org\",\"@graph\":[{\"@type\":\"WebPage\",\"@id\":\"https:\\\/\\\/dhalmann.fr\\\/music\\\/en\\\/produit\\\/nous-marcherons-pieds-nus-sur-la-lune-eric-fischer\\\/\",\"url\":\"https:\\\/\\\/dhalmann.fr\\\/music\\\/en\\\/produit\\\/nous-marcherons-pieds-nus-sur-la-lune-eric-fischer\\\/\",\"name\":\"Nous marcherons pieds nus sur la lune - Eric Fischer - Istesso Tempo\",\"isPartOf\":{\"@id\":\"https:\\\/\\\/dhalmann.fr\\\/music\\\/en\\\/#website\"},\"primaryImageOfPage\":{\"@id\":\"https:\\\/\\\/dhalmann.fr\\\/music\\\/en\\\/produit\\\/nous-marcherons-pieds-nus-sur-la-lune-eric-fischer\\\/#primaryimage\"},\"image\":{\"@id\":\"https:\\\/\\\/dhalmann.fr\\\/music\\\/en\\\/produit\\\/nous-marcherons-pieds-nus-sur-la-lune-eric-fischer\\\/#primaryimage\"},\"thumbnailUrl\":\"https:\\\/\\\/dhalmann.fr\\\/music\\\/wp-content\\\/uploads\\\/2021\\\/08\\\/nous-marcherons-pieds-nus-sur-la-lune.jpg\",\"datePublished\":\"2021-08-13T10:06:57+00:00\",\"dateModified\":\"2023-09-05T12:03:35+00:00\",\"description\":\"Quelques jours de la vie de Tobias Hume. Une nouvelle de 56 pages au format 13 x 20 cm. En vente sur le site des Editions Fran\u00e7ois Dhalmann\",\"breadcrumb\":{\"@id\":\"https:\\\/\\\/dhalmann.fr\\\/music\\\/en\\\/produit\\\/nous-marcherons-pieds-nus-sur-la-lune-eric-fischer\\\/#breadcrumb\"},\"inLanguage\":\"en-US\",\"potentialAction\":[{\"@type\":\"ReadAction\",\"target\":[\"https:\\\/\\\/dhalmann.fr\\\/music\\\/en\\\/produit\\\/nous-marcherons-pieds-nus-sur-la-lune-eric-fischer\\\/\"]}]},{\"@type\":\"ImageObject\",\"inLanguage\":\"en-US\",\"@id\":\"https:\\\/\\\/dhalmann.fr\\\/music\\\/en\\\/produit\\\/nous-marcherons-pieds-nus-sur-la-lune-eric-fischer\\\/#primaryimage\",\"url\":\"https:\\\/\\\/dhalmann.fr\\\/music\\\/wp-content\\\/uploads\\\/2021\\\/08\\\/nous-marcherons-pieds-nus-sur-la-lune.jpg\",\"contentUrl\":\"https:\\\/\\\/dhalmann.fr\\\/music\\\/wp-content\\\/uploads\\\/2021\\\/08\\\/nous-marcherons-pieds-nus-sur-la-lune.jpg\",\"width\":458,\"height\":707,\"caption\":\"Nous marcherons pieds nus sur la lune\"},{\"@type\":\"BreadcrumbList\",\"@id\":\"https:\\\/\\\/dhalmann.fr\\\/music\\\/en\\\/produit\\\/nous-marcherons-pieds-nus-sur-la-lune-eric-fischer\\\/#breadcrumb\",\"itemListElement\":[{\"@type\":\"ListItem\",\"position\":1,\"name\":\"Home\",\"item\":\"https:\\\/\\\/dhalmann.fr\\\/music\\\/en\\\/\"},{\"@type\":\"ListItem\",\"position\":2,\"name\":\"Shop\",\"item\":\"https:\\\/\\\/dhalmann.fr\\\/music\\\/en\\\/shop\\\/\"},{\"@type\":\"ListItem\",\"position\":3,\"name\":\"Nous marcherons pieds nus sur la lune &#8211; Eric Fischer\"}]},{\"@type\":\"WebSite\",\"@id\":\"https:\\\/\\\/dhalmann.fr\\\/music\\\/en\\\/#website\",\"url\":\"https:\\\/\\\/dhalmann.fr\\\/music\\\/en\\\/\",\"name\":\"Editions Fran\u00e7ois Dhalmann\",\"description\":\"Partitions musicales des Editions Dhalmann pour tous les instruments - Percussion, piano, cordes, vents, ensemble, orchestre et bien plus\",\"publisher\":{\"@id\":\"https:\\\/\\\/dhalmann.fr\\\/music\\\/en\\\/#organization\"},\"alternateName\":\"Dhalmann\",\"potentialAction\":[{\"@type\":\"SearchAction\",\"target\":{\"@type\":\"EntryPoint\",\"urlTemplate\":\"https:\\\/\\\/dhalmann.fr\\\/music\\\/en\\\/?s={search_term_string}\"},\"query-input\":{\"@type\":\"PropertyValueSpecification\",\"valueRequired\":true,\"valueName\":\"search_term_string\"}}],\"inLanguage\":\"en-US\"},{\"@type\":\"Organization\",\"@id\":\"https:\\\/\\\/dhalmann.fr\\\/music\\\/en\\\/#organization\",\"name\":\"Editions Francois Dhalmann\",\"alternateName\":\"Dhalmann\",\"url\":\"https:\\\/\\\/dhalmann.fr\\\/music\\\/en\\\/\",\"logo\":{\"@type\":\"ImageObject\",\"inLanguage\":\"en-US\",\"@id\":\"https:\\\/\\\/dhalmann.fr\\\/music\\\/en\\\/#\\\/schema\\\/logo\\\/image\\\/\",\"url\":\"https:\\\/\\\/dhalmann.fr\\\/music\\\/wp-content\\\/uploads\\\/2021\\\/07\\\/editions-francois-dhalmann-1397749175.jpg\",\"contentUrl\":\"https:\\\/\\\/dhalmann.fr\\\/music\\\/wp-content\\\/uploads\\\/2021\\\/07\\\/editions-francois-dhalmann-1397749175.jpg\",\"width\":559,\"height\":354,\"caption\":\"Editions Francois Dhalmann\"},\"image\":{\"@id\":\"https:\\\/\\\/dhalmann.fr\\\/music\\\/en\\\/#\\\/schema\\\/logo\\\/image\\\/\"},\"sameAs\":[\"https:\\\/\\\/www.facebook.com\\\/EditionsDhalmann\\\/\",\"https:\\\/\\\/x.com\\\/editiondhalmann\",\"https:\\\/\\\/www.youtube.com\\\/channel\\\/UCZdGOJXKqg6ByF1pQloitAg\"]}]}<\/script>\n<!-- \/ Yoast SEO plugin. -->","yoast_head_json":{"title":"Nous marcherons pieds nus sur la lune - Eric Fischer - Istesso Tempo","description":"Quelques jours de la vie de Tobias Hume. Une nouvelle de 56 pages au format 13 x 20 cm. En vente sur le site des Editions Fran\u00e7ois Dhalmann","robots":{"index":"index","follow":"follow","max-snippet":"max-snippet:-1","max-image-preview":"max-image-preview:large","max-video-preview":"max-video-preview:-1"},"canonical":"https:\/\/dhalmann.fr\/music\/en\/produit\/nous-marcherons-pieds-nus-sur-la-lune-eric-fischer\/","og_locale":"en_US","og_type":"article","og_title":"Nous marcherons pieds nus sur la lune - Eric Fischer - Istesso Tempo","og_description":"Quelques jours de la vie de Tobias Hume. Une nouvelle de 56 pages au format 13 x 20 cm. En vente sur le site des Editions Fran\u00e7ois Dhalmann","og_url":"https:\/\/dhalmann.fr\/music\/en\/produit\/nous-marcherons-pieds-nus-sur-la-lune-eric-fischer\/","og_site_name":"Editions Fran\u00e7ois Dhalmann","article_publisher":"https:\/\/www.facebook.com\/EditionsDhalmann\/","article_modified_time":"2023-09-05T12:03:35+00:00","og_image":[{"width":458,"height":707,"url":"https:\/\/dhalmann.fr\/music\/wp-content\/uploads\/2021\/08\/nous-marcherons-pieds-nus-sur-la-lune.jpg","type":"image\/jpeg"}],"twitter_card":"summary_large_image","twitter_site":"@editiondhalmann","twitter_misc":{"Est. reading time":"1 minute"},"schema":{"@context":"https:\/\/schema.org","@graph":[{"@type":"WebPage","@id":"https:\/\/dhalmann.fr\/music\/en\/produit\/nous-marcherons-pieds-nus-sur-la-lune-eric-fischer\/","url":"https:\/\/dhalmann.fr\/music\/en\/produit\/nous-marcherons-pieds-nus-sur-la-lune-eric-fischer\/","name":"Nous marcherons pieds nus sur la lune - Eric Fischer - Istesso Tempo","isPartOf":{"@id":"https:\/\/dhalmann.fr\/music\/en\/#website"},"primaryImageOfPage":{"@id":"https:\/\/dhalmann.fr\/music\/en\/produit\/nous-marcherons-pieds-nus-sur-la-lune-eric-fischer\/#primaryimage"},"image":{"@id":"https:\/\/dhalmann.fr\/music\/en\/produit\/nous-marcherons-pieds-nus-sur-la-lune-eric-fischer\/#primaryimage"},"thumbnailUrl":"https:\/\/dhalmann.fr\/music\/wp-content\/uploads\/2021\/08\/nous-marcherons-pieds-nus-sur-la-lune.jpg","datePublished":"2021-08-13T10:06:57+00:00","dateModified":"2023-09-05T12:03:35+00:00","description":"Quelques jours de la vie de Tobias Hume. Une nouvelle de 56 pages au format 13 x 20 cm. En vente sur le site des Editions Fran\u00e7ois Dhalmann","breadcrumb":{"@id":"https:\/\/dhalmann.fr\/music\/en\/produit\/nous-marcherons-pieds-nus-sur-la-lune-eric-fischer\/#breadcrumb"},"inLanguage":"en-US","potentialAction":[{"@type":"ReadAction","target":["https:\/\/dhalmann.fr\/music\/en\/produit\/nous-marcherons-pieds-nus-sur-la-lune-eric-fischer\/"]}]},{"@type":"ImageObject","inLanguage":"en-US","@id":"https:\/\/dhalmann.fr\/music\/en\/produit\/nous-marcherons-pieds-nus-sur-la-lune-eric-fischer\/#primaryimage","url":"https:\/\/dhalmann.fr\/music\/wp-content\/uploads\/2021\/08\/nous-marcherons-pieds-nus-sur-la-lune.jpg","contentUrl":"https:\/\/dhalmann.fr\/music\/wp-content\/uploads\/2021\/08\/nous-marcherons-pieds-nus-sur-la-lune.jpg","width":458,"height":707,"caption":"Nous marcherons pieds nus sur la lune"},{"@type":"BreadcrumbList","@id":"https:\/\/dhalmann.fr\/music\/en\/produit\/nous-marcherons-pieds-nus-sur-la-lune-eric-fischer\/#breadcrumb","itemListElement":[{"@type":"ListItem","position":1,"name":"Home","item":"https:\/\/dhalmann.fr\/music\/en\/"},{"@type":"ListItem","position":2,"name":"Shop","item":"https:\/\/dhalmann.fr\/music\/en\/shop\/"},{"@type":"ListItem","position":3,"name":"Nous marcherons pieds nus sur la lune &#8211; Eric Fischer"}]},{"@type":"WebSite","@id":"https:\/\/dhalmann.fr\/music\/en\/#website","url":"https:\/\/dhalmann.fr\/music\/en\/","name":"Editions Fran\u00e7ois Dhalmann","description":"Partitions musicales des Editions Dhalmann pour tous les instruments - Percussion, piano, cordes, vents, ensemble, orchestre et bien plus","publisher":{"@id":"https:\/\/dhalmann.fr\/music\/en\/#organization"},"alternateName":"Dhalmann","potentialAction":[{"@type":"SearchAction","target":{"@type":"EntryPoint","urlTemplate":"https:\/\/dhalmann.fr\/music\/en\/?s={search_term_string}"},"query-input":{"@type":"PropertyValueSpecification","valueRequired":true,"valueName":"search_term_string"}}],"inLanguage":"en-US"},{"@type":"Organization","@id":"https:\/\/dhalmann.fr\/music\/en\/#organization","name":"Editions Francois Dhalmann","alternateName":"Dhalmann","url":"https:\/\/dhalmann.fr\/music\/en\/","logo":{"@type":"ImageObject","inLanguage":"en-US","@id":"https:\/\/dhalmann.fr\/music\/en\/#\/schema\/logo\/image\/","url":"https:\/\/dhalmann.fr\/music\/wp-content\/uploads\/2021\/07\/editions-francois-dhalmann-1397749175.jpg","contentUrl":"https:\/\/dhalmann.fr\/music\/wp-content\/uploads\/2021\/07\/editions-francois-dhalmann-1397749175.jpg","width":559,"height":354,"caption":"Editions Francois Dhalmann"},"image":{"@id":"https:\/\/dhalmann.fr\/music\/en\/#\/schema\/logo\/image\/"},"sameAs":["https:\/\/www.facebook.com\/EditionsDhalmann\/","https:\/\/x.com\/editiondhalmann","https:\/\/www.youtube.com\/channel\/UCZdGOJXKqg6ByF1pQloitAg"]}]}},"_links":{"self":[{"href":"https:\/\/dhalmann.fr\/music\/en\/wp-json\/wp\/v2\/product\/4007","targetHints":{"allow":["GET"]}}],"collection":[{"href":"https:\/\/dhalmann.fr\/music\/en\/wp-json\/wp\/v2\/product"}],"about":[{"href":"https:\/\/dhalmann.fr\/music\/en\/wp-json\/wp\/v2\/types\/product"}],"wp:featuredmedia":[{"embeddable":true,"href":"https:\/\/dhalmann.fr\/music\/en\/wp-json\/wp\/v2\/media\/4008"}],"wp:attachment":[{"href":"https:\/\/dhalmann.fr\/music\/en\/wp-json\/wp\/v2\/media?parent=4007"}],"wp:term":[{"taxonomy":"product_brand","embeddable":true,"href":"https:\/\/dhalmann.fr\/music\/en\/wp-json\/wp\/v2\/product_brand?post=4007"},{"taxonomy":"product_cat","embeddable":true,"href":"https:\/\/dhalmann.fr\/music\/en\/wp-json\/wp\/v2\/product_cat?post=4007"},{"taxonomy":"product_tag","embeddable":true,"href":"https:\/\/dhalmann.fr\/music\/en\/wp-json\/wp\/v2\/product_tag?post=4007"}],"curies":[{"name":"wp","href":"https:\/\/api.w.org\/{rel}","templated":true}]}}