{"id":627,"date":"2021-07-20T15:41:16","date_gmt":"2021-07-20T13:41:16","guid":{"rendered":"https:\/\/dhalmann.fr\/music\/?post_type=product&#038;p=627"},"modified":"2025-09-02T15:44:42","modified_gmt":"2025-09-02T13:44:42","slug":"abdou-et-le-joueur-de-flute-conte-musical-chaarani-latif-et-elsa","status":"publish","type":"product","link":"https:\/\/dhalmann.fr\/music\/produit\/abdou-et-le-joueur-de-flute-conte-musical-chaarani-latif-et-elsa\/","title":{"rendered":"Abdou et le joueur de fl\u00fbte. Conte musical &#8211; Latif et Elsa Chaarani"},"content":{"rendered":"<h2>Abdou et le joueur de fl\u00fbte. Conte musical de Latif et Elsa Chaarani<\/h2>\n<h3>Conte musical pour voix d&#8217;enfants, fl\u00fbte, orchestre \u00e0 cordes et percussion.<\/h3>\n<p>Conducteur, parties s\u00e9par\u00e9es et piano chant.<\/p>\n<p>Dur\u00e9e : 30 &#8211; 40 mn<\/p>\n<p>Oeuvre nomm\u00e9e aux <em>Prix de l&#8217;Enseignement Musical 2014<\/em>, cat\u00e9gorie &#8220;<em>Spectacle Jeunes El\u00e8ves<\/em>&#8221;<\/p>\n<div id=\"description\" class=\"tab-pane fade active in\" role=\"tabpanel\" aria-expanded=\"true\">\n<div class=\"product-description\">\n<p>\u00ab Au Maroc, \u00e0 Rabat, Abdou travaille dans une banque. A ses heures de loisir, il joue de la musique, de la percussion, de la derbouka, du bendir. Un jour, il fait la connaissance d\u2019un musicien voyageur, Hans, qui joue de la fl\u00fbte et va de pays en pays. Hans s\u2019installe pour un temps chez Abdou et ils partagent le monde de la musique. Pendant la journ\u00e9e, Hans joue dans le jardin de Chellah pendant qu\u2019Abdou va travailler. Lorsque Hans perd sa fl\u00fbte, Abdou l\u2019aide \u00e0 en retrouver une, pareille \u00e0 la premi\u00e8re. Mais vient le jour o\u00f9 Hans quitte le Maroc. Pour Abdou rien ne sera plus jamais comme avant : il prend conscience que sa v\u00e9ritable vocation est d\u2019\u00eatre musicien et d\u00e9missionne de la banque. \u00bb<\/p>\n<p>Ce conte musical a \u00e9t\u00e9 con\u00e7u pour des voix d\u2019enfants de 7 \u00e0 9 ans (niveau CE1) et a \u00e9t\u00e9 cr\u00e9\u00e9 comme spectacle de fin d\u2019ann\u00e9e au Conservatoire de Strasbourg le 9 juin 2011.<br \/>\nIl est susceptible d\u2019int\u00e9resser les enfants avant tout pour le charme de cette histoire d\u2019amiti\u00e9 entre deux jeunes de cultures diff\u00e9rentes. Il est certain en outre que, pour des raisons p\u00e9dagogiques, le projet pr\u00e9sente un certain nombre d\u2019avantages :<br \/>\nTout d\u2019abord, d\u2019un point de vue g\u00e9n\u00e9ral, le montage d\u2019un projet musical, et particuli\u00e8rement celui-ci qui se situe entre narration et musicalit\u00e9, permet la mobilisation de l\u2019\u00e9nergie, des facult\u00e9s et des aptitudes des enfants, et les incite \u00e0 d\u00e9couvrir les diff\u00e9rents aspects d\u2019un spectacle (d\u00e9cor, \u00e9clairage, mise en sc\u00e8ne, costumes, sonorisation) et aussi les fonctions vari\u00e9es qu\u2019occupent le metteur en sc\u00e8ne, les chanteurs, les narrateurs, les instrumentistes, les com\u00e9diens. De plus, la pr\u00e9paration sur le long terme d\u2019un projet d\u00e9veloppe la motivation des enfants par la construction progressive d\u2019un objectif \u00e0 atteindre, et leur apporte au bout du compte la fiert\u00e9 d\u2019une r\u00e9alisation de qualit\u00e9 et la satisfaction de se d\u00e9passer en donnant le meilleur de soi-m\u00eame.<br \/>\nEn second lieu, cette composition permet de d\u00e9velopper diff\u00e9rentes comp\u00e9tences chez les jeunes \u00e9l\u00e8ves. Il y a d\u2019abord la m\u00e9morisation de m\u00e9lodies compos\u00e9es sur un texte attrayant (l\u2019histoire que raconte cette composition est construite comme un conte pour la jeunesse, et elle \u00e9voque un jeune artiste, Abdou, le protagoniste, confront\u00e9 au choix de son avenir) et accompagn\u00e9 par un orchestre. Ensuite le montage de ce spectacle aux m\u00e9lodies vari\u00e9es requiert la pr\u00e9cision et la justesse du chant, ainsi que\u00a0 l\u2019\u00e9coute fine de soi et d\u2019autrui, et enfin la pr\u00e9cision et l\u2019expression rythmiques, puisqu\u2019il poss\u00e8de une richesse rythmique particuli\u00e8re, \u00e9tant \u00e0 la crois\u00e9e de diff\u00e9rentes cultures musicales.<br \/>\nEnfin, il permet, outre l\u2019apprentissage de la modalit\u00e9 et de l\u2019alternance binaire\/ternaire, la d\u00e9couverte des mesures irr\u00e9guli\u00e8res et des accentuations d\u00e9plac\u00e9es. A cela s\u2019ajoute la th\u00e9matique d\u2019ensemble du spectacle, qui narre la rencontre entre deux musiciens provenant de mondes diff\u00e9rents (Europe\/Maroc) et invite, non seulement \u00e0 la tol\u00e9rance, mais encore \u00e0 la d\u00e9couverte d\u2019une riche culture musicale extra-europ\u00e9enne, en l\u2019occurrence orientale, et sugg\u00e8re l\u2019id\u00e9e des influences interculturelles qui peuvent s\u2019exercer entre des artistes issus d\u2019horizons diff\u00e9rents.<\/p>\n<\/div>\n<\/div>\n","protected":false},"excerpt":{"rendered":"<h3>Conte musical pour voix d&#8217;enfants, fl\u00fbte, orchestre \u00e0 cordes et percussion.<\/h3>\n<p>Conducteur, parties s\u00e9par\u00e9es et piano chant.<\/p>\n","protected":false},"featured_media":657,"template":"","meta":{"ocean_post_layout":"","ocean_both_sidebars_style":"","ocean_both_sidebars_content_width":0,"ocean_both_sidebars_sidebars_width":0,"ocean_sidebar":"0","ocean_second_sidebar":"0","ocean_disable_margins":"enable","ocean_add_body_class":"","ocean_shortcode_before_top_bar":"","ocean_shortcode_after_top_bar":"","ocean_shortcode_before_header":"","ocean_shortcode_after_header":"","ocean_has_shortcode":"","ocean_shortcode_after_title":"","ocean_shortcode_before_footer_widgets":"","ocean_shortcode_after_footer_widgets":"","ocean_shortcode_before_footer_bottom":"","ocean_shortcode_after_footer_bottom":"","ocean_display_top_bar":"default","ocean_display_header":"default","ocean_header_style":"","ocean_center_header_left_menu":"0","ocean_custom_header_template":"0","ocean_custom_logo":0,"ocean_custom_retina_logo":0,"ocean_custom_logo_max_width":0,"ocean_custom_logo_tablet_max_width":0,"ocean_custom_logo_mobile_max_width":0,"ocean_custom_logo_max_height":0,"ocean_custom_logo_tablet_max_height":0,"ocean_custom_logo_mobile_max_height":0,"ocean_header_custom_menu":"0","ocean_menu_typo_font_family":"0","ocean_menu_typo_font_subset":"","ocean_menu_typo_font_size":0,"ocean_menu_typo_font_size_tablet":0,"ocean_menu_typo_font_size_mobile":0,"ocean_menu_typo_font_size_unit":"px","ocean_menu_typo_font_weight":"","ocean_menu_typo_font_weight_tablet":"","ocean_menu_typo_font_weight_mobile":"","ocean_menu_typo_transform":"","ocean_menu_typo_transform_tablet":"","ocean_menu_typo_transform_mobile":"","ocean_menu_typo_line_height":0,"ocean_menu_typo_line_height_tablet":0,"ocean_menu_typo_line_height_mobile":0,"ocean_menu_typo_line_height_unit":"","ocean_menu_typo_spacing":0,"ocean_menu_typo_spacing_tablet":0,"ocean_menu_typo_spacing_mobile":0,"ocean_menu_typo_spacing_unit":"","ocean_menu_link_color":"","ocean_menu_link_color_hover":"","ocean_menu_link_color_active":"","ocean_menu_link_background":"","ocean_menu_link_hover_background":"","ocean_menu_link_active_background":"","ocean_menu_social_links_bg":"","ocean_menu_social_hover_links_bg":"","ocean_menu_social_links_color":"","ocean_menu_social_hover_links_color":"","ocean_disable_title":"default","ocean_disable_heading":"default","ocean_post_title":"","ocean_post_subheading":"","ocean_post_title_style":"","ocean_post_title_background_color":"","ocean_post_title_background":0,"ocean_post_title_bg_image_position":"","ocean_post_title_bg_image_attachment":"","ocean_post_title_bg_image_repeat":"","ocean_post_title_bg_image_size":"","ocean_post_title_height":0,"ocean_post_title_bg_overlay":0.5,"ocean_post_title_bg_overlay_color":"","ocean_disable_breadcrumbs":"default","ocean_breadcrumbs_color":"","ocean_breadcrumbs_separator_color":"","ocean_breadcrumbs_links_color":"","ocean_breadcrumbs_links_hover_color":"","ocean_display_footer_widgets":"default","ocean_display_footer_bottom":"default","ocean_custom_footer_template":"0"},"product_brand":[610],"product_cat":[107,491,183,136],"product_tag":[],"class_list":{"0":"post-627","1":"product","2":"type-product","3":"status-publish","4":"has-post-thumbnail","6":"product_brand-editions-francois-dhalmann","7":"product_cat-chaarani-latif-et-elsa","8":"product_cat-conte-musical","9":"product_cat-grand-ensemble","10":"product_cat-orchestre","11":"pa_difficulte-facile","13":"entry","14":"has-media","16":"first","17":"instock","18":"taxable","19":"shipping-taxable","20":"purchasable","21":"product-type-simple","22":"add-to-wishlist-before_image","23":"has-product-nav","24":"col","25":"span_1_of_4","26":"owp-content-center","27":"owp-thumbs-layout-horizontal","28":"owp-btn-normal","29":"owp-tabs-layout-horizontal"},"yoast_head":"<!-- This site is optimized with the Yoast SEO plugin v27.5 - https:\/\/yoast.com\/product\/yoast-seo-wordpress\/ -->\n<title>Abdou et le joueur de fl\u00fbte. Conte musical<\/title>\n<meta name=\"description\" content=\"Partition pour conte musical en vente directe sur le site des Editions Fran\u00e7ois Dhalmann.\" \/>\n<meta name=\"robots\" content=\"index, follow, max-snippet:-1, max-image-preview:large, max-video-preview:-1\" \/>\n<link rel=\"canonical\" href=\"https:\/\/dhalmann.fr\/music\/produit\/abdou-et-le-joueur-de-flute-conte-musical-chaarani-latif-et-elsa\/\" \/>\n<meta property=\"og:locale\" content=\"fr_FR\" \/>\n<meta property=\"og:type\" content=\"article\" \/>\n<meta property=\"og:title\" content=\"Abdou et le joueur de fl\u00fbte. Conte musical\" \/>\n<meta property=\"og:description\" content=\"Partition pour conte musical en vente directe sur le site des Editions Fran\u00e7ois Dhalmann.\" \/>\n<meta property=\"og:url\" content=\"https:\/\/dhalmann.fr\/music\/produit\/abdou-et-le-joueur-de-flute-conte-musical-chaarani-latif-et-elsa\/\" \/>\n<meta property=\"og:site_name\" content=\"Editions Fran\u00e7ois Dhalmann\" \/>\n<meta property=\"article:publisher\" content=\"https:\/\/www.facebook.com\/EditionsDhalmann\/\" \/>\n<meta property=\"article:modified_time\" content=\"2025-09-02T13:44:42+00:00\" \/>\n<meta property=\"og:image\" content=\"https:\/\/dhalmann.fr\/music\/wp-content\/uploads\/2021\/07\/FD0386-abdou-et-le-joueur-de-flute.jpg\" \/>\n\t<meta property=\"og:image:width\" content=\"796\" \/>\n\t<meta property=\"og:image:height\" content=\"1126\" \/>\n\t<meta property=\"og:image:type\" content=\"image\/jpeg\" \/>\n<meta name=\"twitter:card\" content=\"summary_large_image\" \/>\n<meta name=\"twitter:site\" content=\"@editiondhalmann\" \/>\n<meta name=\"twitter:label1\" content=\"Dur\u00e9e de lecture estim\u00e9e\" \/>\n\t<meta name=\"twitter:data1\" content=\"3 minutes\" \/>\n<script type=\"application\/ld+json\" class=\"yoast-schema-graph\">{\"@context\":\"https:\\\/\\\/schema.org\",\"@graph\":[{\"@type\":\"WebPage\",\"@id\":\"https:\\\/\\\/dhalmann.fr\\\/music\\\/produit\\\/abdou-et-le-joueur-de-flute-conte-musical-chaarani-latif-et-elsa\\\/\",\"url\":\"https:\\\/\\\/dhalmann.fr\\\/music\\\/produit\\\/abdou-et-le-joueur-de-flute-conte-musical-chaarani-latif-et-elsa\\\/\",\"name\":\"Abdou et le joueur de fl\u00fbte. Conte musical\",\"isPartOf\":{\"@id\":\"https:\\\/\\\/dhalmann.fr\\\/music\\\/#website\"},\"primaryImageOfPage\":{\"@id\":\"https:\\\/\\\/dhalmann.fr\\\/music\\\/produit\\\/abdou-et-le-joueur-de-flute-conte-musical-chaarani-latif-et-elsa\\\/#primaryimage\"},\"image\":{\"@id\":\"https:\\\/\\\/dhalmann.fr\\\/music\\\/produit\\\/abdou-et-le-joueur-de-flute-conte-musical-chaarani-latif-et-elsa\\\/#primaryimage\"},\"thumbnailUrl\":\"https:\\\/\\\/dhalmann.fr\\\/music\\\/wp-content\\\/uploads\\\/2021\\\/07\\\/FD0386-abdou-et-le-joueur-de-flute.jpg\",\"datePublished\":\"2021-07-20T13:41:16+00:00\",\"dateModified\":\"2025-09-02T13:44:42+00:00\",\"description\":\"Partition pour conte musical en vente directe sur le site des Editions Fran\u00e7ois Dhalmann.\",\"breadcrumb\":{\"@id\":\"https:\\\/\\\/dhalmann.fr\\\/music\\\/produit\\\/abdou-et-le-joueur-de-flute-conte-musical-chaarani-latif-et-elsa\\\/#breadcrumb\"},\"inLanguage\":\"fr-FR\",\"potentialAction\":[{\"@type\":\"ReadAction\",\"target\":[\"https:\\\/\\\/dhalmann.fr\\\/music\\\/produit\\\/abdou-et-le-joueur-de-flute-conte-musical-chaarani-latif-et-elsa\\\/\"]}]},{\"@type\":\"ImageObject\",\"inLanguage\":\"fr-FR\",\"@id\":\"https:\\\/\\\/dhalmann.fr\\\/music\\\/produit\\\/abdou-et-le-joueur-de-flute-conte-musical-chaarani-latif-et-elsa\\\/#primaryimage\",\"url\":\"https:\\\/\\\/dhalmann.fr\\\/music\\\/wp-content\\\/uploads\\\/2021\\\/07\\\/FD0386-abdou-et-le-joueur-de-flute.jpg\",\"contentUrl\":\"https:\\\/\\\/dhalmann.fr\\\/music\\\/wp-content\\\/uploads\\\/2021\\\/07\\\/FD0386-abdou-et-le-joueur-de-flute.jpg\",\"width\":796,\"height\":1126},{\"@type\":\"BreadcrumbList\",\"@id\":\"https:\\\/\\\/dhalmann.fr\\\/music\\\/produit\\\/abdou-et-le-joueur-de-flute-conte-musical-chaarani-latif-et-elsa\\\/#breadcrumb\",\"itemListElement\":[{\"@type\":\"ListItem\",\"position\":1,\"name\":\"Home\",\"item\":\"https:\\\/\\\/dhalmann.fr\\\/music\\\/\"},{\"@type\":\"ListItem\",\"position\":2,\"name\":\"Boutique\",\"item\":\"https:\\\/\\\/dhalmann.fr\\\/music\\\/boutique\\\/\"},{\"@type\":\"ListItem\",\"position\":3,\"name\":\"Abdou et le joueur de fl\u00fbte. Conte musical &#8211; Latif et Elsa Chaarani\"}]},{\"@type\":\"WebSite\",\"@id\":\"https:\\\/\\\/dhalmann.fr\\\/music\\\/#website\",\"url\":\"https:\\\/\\\/dhalmann.fr\\\/music\\\/\",\"name\":\"Editions Fran\u00e7ois Dhalmann\",\"description\":\"Partitions musicales des Editions Dhalmann pour tous les instruments - Percussion, piano, cordes, vents, ensemble, orchestre et bien plus\",\"publisher\":{\"@id\":\"https:\\\/\\\/dhalmann.fr\\\/music\\\/#organization\"},\"alternateName\":\"Dhalmann\",\"potentialAction\":[{\"@type\":\"SearchAction\",\"target\":{\"@type\":\"EntryPoint\",\"urlTemplate\":\"https:\\\/\\\/dhalmann.fr\\\/music\\\/?s={search_term_string}\"},\"query-input\":{\"@type\":\"PropertyValueSpecification\",\"valueRequired\":true,\"valueName\":\"search_term_string\"}}],\"inLanguage\":\"fr-FR\"},{\"@type\":\"Organization\",\"@id\":\"https:\\\/\\\/dhalmann.fr\\\/music\\\/#organization\",\"name\":\"Editions Francois Dhalmann\",\"alternateName\":\"Dhalmann\",\"url\":\"https:\\\/\\\/dhalmann.fr\\\/music\\\/\",\"logo\":{\"@type\":\"ImageObject\",\"inLanguage\":\"fr-FR\",\"@id\":\"https:\\\/\\\/dhalmann.fr\\\/music\\\/#\\\/schema\\\/logo\\\/image\\\/\",\"url\":\"https:\\\/\\\/dhalmann.fr\\\/music\\\/wp-content\\\/uploads\\\/2021\\\/07\\\/editions-francois-dhalmann-1397749175.jpg\",\"contentUrl\":\"https:\\\/\\\/dhalmann.fr\\\/music\\\/wp-content\\\/uploads\\\/2021\\\/07\\\/editions-francois-dhalmann-1397749175.jpg\",\"width\":559,\"height\":354,\"caption\":\"Editions Francois Dhalmann\"},\"image\":{\"@id\":\"https:\\\/\\\/dhalmann.fr\\\/music\\\/#\\\/schema\\\/logo\\\/image\\\/\"},\"sameAs\":[\"https:\\\/\\\/www.facebook.com\\\/EditionsDhalmann\\\/\",\"https:\\\/\\\/x.com\\\/editiondhalmann\",\"https:\\\/\\\/www.youtube.com\\\/channel\\\/UCZdGOJXKqg6ByF1pQloitAg\"]}]}<\/script>\n<!-- \/ Yoast SEO plugin. -->","yoast_head_json":{"title":"Abdou et le joueur de fl\u00fbte. Conte musical","description":"Partition pour conte musical en vente directe sur le site des Editions Fran\u00e7ois Dhalmann.","robots":{"index":"index","follow":"follow","max-snippet":"max-snippet:-1","max-image-preview":"max-image-preview:large","max-video-preview":"max-video-preview:-1"},"canonical":"https:\/\/dhalmann.fr\/music\/produit\/abdou-et-le-joueur-de-flute-conte-musical-chaarani-latif-et-elsa\/","og_locale":"fr_FR","og_type":"article","og_title":"Abdou et le joueur de fl\u00fbte. Conte musical","og_description":"Partition pour conte musical en vente directe sur le site des Editions Fran\u00e7ois Dhalmann.","og_url":"https:\/\/dhalmann.fr\/music\/produit\/abdou-et-le-joueur-de-flute-conte-musical-chaarani-latif-et-elsa\/","og_site_name":"Editions Fran\u00e7ois Dhalmann","article_publisher":"https:\/\/www.facebook.com\/EditionsDhalmann\/","article_modified_time":"2025-09-02T13:44:42+00:00","og_image":[{"width":796,"height":1126,"url":"https:\/\/dhalmann.fr\/music\/wp-content\/uploads\/2021\/07\/FD0386-abdou-et-le-joueur-de-flute.jpg","type":"image\/jpeg"}],"twitter_card":"summary_large_image","twitter_site":"@editiondhalmann","twitter_misc":{"Dur\u00e9e de lecture estim\u00e9e":"3 minutes"},"schema":{"@context":"https:\/\/schema.org","@graph":[{"@type":"WebPage","@id":"https:\/\/dhalmann.fr\/music\/produit\/abdou-et-le-joueur-de-flute-conte-musical-chaarani-latif-et-elsa\/","url":"https:\/\/dhalmann.fr\/music\/produit\/abdou-et-le-joueur-de-flute-conte-musical-chaarani-latif-et-elsa\/","name":"Abdou et le joueur de fl\u00fbte. Conte musical","isPartOf":{"@id":"https:\/\/dhalmann.fr\/music\/#website"},"primaryImageOfPage":{"@id":"https:\/\/dhalmann.fr\/music\/produit\/abdou-et-le-joueur-de-flute-conte-musical-chaarani-latif-et-elsa\/#primaryimage"},"image":{"@id":"https:\/\/dhalmann.fr\/music\/produit\/abdou-et-le-joueur-de-flute-conte-musical-chaarani-latif-et-elsa\/#primaryimage"},"thumbnailUrl":"https:\/\/dhalmann.fr\/music\/wp-content\/uploads\/2021\/07\/FD0386-abdou-et-le-joueur-de-flute.jpg","datePublished":"2021-07-20T13:41:16+00:00","dateModified":"2025-09-02T13:44:42+00:00","description":"Partition pour conte musical en vente directe sur le site des Editions Fran\u00e7ois Dhalmann.","breadcrumb":{"@id":"https:\/\/dhalmann.fr\/music\/produit\/abdou-et-le-joueur-de-flute-conte-musical-chaarani-latif-et-elsa\/#breadcrumb"},"inLanguage":"fr-FR","potentialAction":[{"@type":"ReadAction","target":["https:\/\/dhalmann.fr\/music\/produit\/abdou-et-le-joueur-de-flute-conte-musical-chaarani-latif-et-elsa\/"]}]},{"@type":"ImageObject","inLanguage":"fr-FR","@id":"https:\/\/dhalmann.fr\/music\/produit\/abdou-et-le-joueur-de-flute-conte-musical-chaarani-latif-et-elsa\/#primaryimage","url":"https:\/\/dhalmann.fr\/music\/wp-content\/uploads\/2021\/07\/FD0386-abdou-et-le-joueur-de-flute.jpg","contentUrl":"https:\/\/dhalmann.fr\/music\/wp-content\/uploads\/2021\/07\/FD0386-abdou-et-le-joueur-de-flute.jpg","width":796,"height":1126},{"@type":"BreadcrumbList","@id":"https:\/\/dhalmann.fr\/music\/produit\/abdou-et-le-joueur-de-flute-conte-musical-chaarani-latif-et-elsa\/#breadcrumb","itemListElement":[{"@type":"ListItem","position":1,"name":"Home","item":"https:\/\/dhalmann.fr\/music\/"},{"@type":"ListItem","position":2,"name":"Boutique","item":"https:\/\/dhalmann.fr\/music\/boutique\/"},{"@type":"ListItem","position":3,"name":"Abdou et le joueur de fl\u00fbte. Conte musical &#8211; Latif et Elsa Chaarani"}]},{"@type":"WebSite","@id":"https:\/\/dhalmann.fr\/music\/#website","url":"https:\/\/dhalmann.fr\/music\/","name":"Editions Fran\u00e7ois Dhalmann","description":"Partitions musicales des Editions Dhalmann pour tous les instruments - Percussion, piano, cordes, vents, ensemble, orchestre et bien plus","publisher":{"@id":"https:\/\/dhalmann.fr\/music\/#organization"},"alternateName":"Dhalmann","potentialAction":[{"@type":"SearchAction","target":{"@type":"EntryPoint","urlTemplate":"https:\/\/dhalmann.fr\/music\/?s={search_term_string}"},"query-input":{"@type":"PropertyValueSpecification","valueRequired":true,"valueName":"search_term_string"}}],"inLanguage":"fr-FR"},{"@type":"Organization","@id":"https:\/\/dhalmann.fr\/music\/#organization","name":"Editions Francois Dhalmann","alternateName":"Dhalmann","url":"https:\/\/dhalmann.fr\/music\/","logo":{"@type":"ImageObject","inLanguage":"fr-FR","@id":"https:\/\/dhalmann.fr\/music\/#\/schema\/logo\/image\/","url":"https:\/\/dhalmann.fr\/music\/wp-content\/uploads\/2021\/07\/editions-francois-dhalmann-1397749175.jpg","contentUrl":"https:\/\/dhalmann.fr\/music\/wp-content\/uploads\/2021\/07\/editions-francois-dhalmann-1397749175.jpg","width":559,"height":354,"caption":"Editions Francois Dhalmann"},"image":{"@id":"https:\/\/dhalmann.fr\/music\/#\/schema\/logo\/image\/"},"sameAs":["https:\/\/www.facebook.com\/EditionsDhalmann\/","https:\/\/x.com\/editiondhalmann","https:\/\/www.youtube.com\/channel\/UCZdGOJXKqg6ByF1pQloitAg"]}]}},"_links":{"self":[{"href":"https:\/\/dhalmann.fr\/music\/wp-json\/wp\/v2\/product\/627","targetHints":{"allow":["GET"]}}],"collection":[{"href":"https:\/\/dhalmann.fr\/music\/wp-json\/wp\/v2\/product"}],"about":[{"href":"https:\/\/dhalmann.fr\/music\/wp-json\/wp\/v2\/types\/product"}],"wp:featuredmedia":[{"embeddable":true,"href":"https:\/\/dhalmann.fr\/music\/wp-json\/wp\/v2\/media\/657"}],"wp:attachment":[{"href":"https:\/\/dhalmann.fr\/music\/wp-json\/wp\/v2\/media?parent=627"}],"wp:term":[{"taxonomy":"product_brand","embeddable":true,"href":"https:\/\/dhalmann.fr\/music\/wp-json\/wp\/v2\/product_brand?post=627"},{"taxonomy":"product_cat","embeddable":true,"href":"https:\/\/dhalmann.fr\/music\/wp-json\/wp\/v2\/product_cat?post=627"},{"taxonomy":"product_tag","embeddable":true,"href":"https:\/\/dhalmann.fr\/music\/wp-json\/wp\/v2\/product_tag?post=627"}],"curies":[{"name":"wp","href":"https:\/\/api.w.org\/{rel}","templated":true}]}}