{"id":7301,"date":"2021-09-09T11:46:15","date_gmt":"2021-09-09T09:46:15","guid":{"rendered":"https:\/\/dhalmann.fr\/music\/?post_type=product&#038;p=7301"},"modified":"2026-04-17T15:46:11","modified_gmt":"2026-04-17T13:46:11","slug":"lumieres-cendrees-alain-louvier","status":"publish","type":"product","link":"https:\/\/dhalmann.fr\/music\/produit\/lumieres-cendrees-alain-louvier\/","title":{"rendered":"Lumi\u00e8res Cendr\u00e9es &#8211; Alain Louvier"},"content":{"rendered":"<h2>Lumi\u00e8res Cendr\u00e9es &#8211; <a href=\"https:\/\/dhalmann.fr\/music\/product-category\/auteurs\/louvier-alain\/\">Alain Louvier<\/a><\/h2>\n<h2>Musique de chambre pour 15 instrumentistes<\/h2>\n<p>Cr\u00e9ation par l&#8217;Ensemble Orchestral Contemporain le 29 juillet 2021, Festival Messiaen.<\/p>\n<p>Conducteur et parties en version num\u00e9rique en vente.<\/p>\n<p>Conducteur et parties en version imprim\u00e9e en location. <a href=\"https:\/\/dhalmann.fr\/music\/contact\/\">Contactez nous<\/a><\/p>\n<p><strong>Note de l\u2019auteur<\/strong><\/p>\n<p>\u0152uvre \u00e9crite \u00e0 la demande de Bruno Mantovani pour l\u2019Ensemble Orchestral Contemporain, Lumi\u00e8res Cendr\u00e9es reprend la plupart de mes recherches, approfondies depuis les ann\u00e9es 1970, en premier lieu un langage micro-tonal personnel bas\u00e9 sur des \u00e9chelles modales en quarts de tons.<\/p>\n<p>Avec le temps, un besoin de synth\u00e8se appara\u00eet peu \u00e0 peu, clairement exprim\u00e9 dans cette \u0153uvre. Mais Lumi\u00e8res Cendr\u00e9es comporte aussi un aspect autobiographique, comme en atteste la d\u00e9dicace :<\/p>\n<p>.<em>. \u00e0 tous les \u00eatres qui ont illumin\u00e9 ma vie et ne sont plus que cendres\u2026<\/em><\/p>\n<p>Au-del\u00e0 de l\u2019allusion \u00e0 la Lune, couleur de cendre, mais discr\u00e8tement \u00e9clair\u00e9e par la Terre (sens astronomique de lumi\u00e8re cendr\u00e9e), ce titre, au pluriel, \u00e9voquera des \u00e9merveillements d\u2019enfant musicien, ou des \u00e9blouissements plus tardifs, \u00e0 jamais imprim\u00e9s dans ma m\u00e9moire.<br \/>\nJe n\u2019ai pas connu personnellement tous ces \u00eatres-devenus-cendres\u2026certains m\u2019ont transmis leur savoir, leur science, leurs sons\u2026avec d\u2019autres de ces \u00eatres, j\u2019ai v\u00e9cu.<br \/>\nBeaucoup m\u2019ont illumin\u00e9, tr\u00e8s jeune, de leurs musiques, de leur pens\u00e9e, de leur po\u00e9sie.<br \/>\nAinsi Beethoven m\u2019a pr\u00eat\u00e9 volontiers trois notes pour d\u00e9buter mon entr\u00e9e dans la Nature\u2026 et tr\u00e8s vite, ajoutant un di\u00e8se, j\u2019ai rencontr\u00e9 Bartok, Grieg, Couperin ou Janacek, selon la direction du vent\u2026<\/p>\n<p><em>\u2026 \u00e9veil\u2026.d\u2019impressions agr\u00e9ables\u2026en arrivant \u00e0 la campagne\u2026ramages secrets\u2026<\/em>. (ces mots, ces courtes phrases, \u00e9maillant la partition, sont destin\u00e9es \u00e0 \u00e9clairer la po\u00e9tique, donc l\u2019interpr\u00e9tation) Les 24 quarts de ton arrivent assez vite dans le paysage, avec un alphabet personnel les reliant aux 26 lettres\u2026 Voil\u00e0 pour le code secret\u2026.d\u2019autres phrases sont plus explicites, \u00e9voquant des \u00e9pisodes pr\u00e9cis :<\/p>\n<p><em>\u2026Rome, oiseau-myst\u00e8re\u2026.fugue en flashes\u2026oiseaux anciens\u2026lumi\u00e8re iris\u00e9e\u2026\u00e9chelles errantes\u2026 \u00a0\u00a0 \u2026r\u00e9cit illumin\u00e9\u2026Licht\u2026light\u2026luce\u2026.lux\u2026Liebe\u2026les sept couleurs du soleil levant\u2026<\/em><\/p>\n<p>La lumi\u00e8re, pr\u00e9sente dans beaucoup de mes titres, rev\u00eat ici des couleurs changeantes, comme la s\u00e9duction pr\u00e9c\u00e8de le gris-cendre qui la recouvre.<br \/>\nHommage aux \u00ab accords-couleurs \u00bb de mon ma\u00eetre Messiaen, que j\u2019ose iriser de mon mode imparfait (entre majeur et mineur) ; celui de Canto di Natale (1976), ou d\u2019Anneaux de Lumi\u00e8re (1983) o\u00f9 tr\u00f4nent deux pianos d\u00e9cal\u00e9s d\u2019un quart de ton, dispos\u00e9s comme un grand insecte. Lumi\u00e8re inconnue jusqu\u2019alors, diffractant \u00e0 l\u2019infini les r\u00e9sonances des claviers\u2026 illumination totale que je ressens encore\u2026folies campanaires\u2026<\/p>\n<p><em>\u00a0\u00a0\u00a0 &#8230;. \u00e9blouissement\u2026anneaux de lumi\u00e8re\u2026fusion\u2026spectre l\u00e9ger\u2026poussi\u00e8res d\u2019antiennes\u2026<\/em><\/p>\n<p>Venu des hauteurs et des profondeurs, un Chant des Cendres surgit et serpente au milieu de plains-chants furtifs, acc\u00e9l\u00e9r\u00e9s, agglom\u00e9r\u00e9s, d\u00e9sesp\u00e9r\u00e9s\u2026 transformant secr\u00e8tement le latin ancestral en m\u00e9lop\u00e9e improbable\u2026<br \/>\n<em>\u2026 chant des Cendres\u2026libera me Domine\u2026cris ultimes\u2026nuage de cendres\u2026<\/em><br \/>\nEnfin la harpe, jusqu\u2019alors presque muette, descend comme une caresse, puis avec puissance, accord\u00e9e en temp\u00e9rament hepta\u00efque, ne gardant de l\u2019orchestre que le LA\u2026 cette \u00e9galit\u00e9 parfaite entre les sept notes annonce une nouvelle musique :<br \/>\n<em> \u2026draperies hepta\u00efques\u2026victimae paschalis laudes\u2026\u00c4ase mors et vita\u2026vents de cendres\u2026<\/em><br \/>\nMusique du futur, plus sereine, qui bannit alt\u00e9rations et dissonances, dont les m\u00e9lodies \u00e9tranges s\u2019unissent au souffle des cendres effa\u00e7ant le pass\u00e9<\/p>\n<p><em>\u2026lettres intimes\u2026memento regina cancricans\u2026<\/em><\/p>\n<p>Les Cendres, seules, comprendront.<\/p>\n<p>&nbsp;<\/p>\n","protected":false},"excerpt":{"rendered":"<h2>Musique de chambre pour 15 instrumentistes<\/h2>\n<p>Conducteur et parties en version num\u00e9rique en vente.<\/p>\n<p>Conducteur et parties en version imprim\u00e9e en location. <a href=\"https:\/\/dhalmann.fr\/music\/contact\/\">Contactez nous<\/a><\/p>\n","protected":false},"featured_media":7302,"template":"","meta":{"ocean_post_layout":"","ocean_both_sidebars_style":"","ocean_both_sidebars_content_width":0,"ocean_both_sidebars_sidebars_width":0,"ocean_sidebar":"0","ocean_second_sidebar":"0","ocean_disable_margins":"enable","ocean_add_body_class":"","ocean_shortcode_before_top_bar":"","ocean_shortcode_after_top_bar":"","ocean_shortcode_before_header":"","ocean_shortcode_after_header":"","ocean_has_shortcode":"","ocean_shortcode_after_title":"","ocean_shortcode_before_footer_widgets":"","ocean_shortcode_after_footer_widgets":"","ocean_shortcode_before_footer_bottom":"","ocean_shortcode_after_footer_bottom":"","ocean_display_top_bar":"default","ocean_display_header":"default","ocean_header_style":"","ocean_center_header_left_menu":"0","ocean_custom_header_template":"0","ocean_custom_logo":0,"ocean_custom_retina_logo":0,"ocean_custom_logo_max_width":0,"ocean_custom_logo_tablet_max_width":0,"ocean_custom_logo_mobile_max_width":0,"ocean_custom_logo_max_height":0,"ocean_custom_logo_tablet_max_height":0,"ocean_custom_logo_mobile_max_height":0,"ocean_header_custom_menu":"0","ocean_menu_typo_font_family":"0","ocean_menu_typo_font_subset":"","ocean_menu_typo_font_size":0,"ocean_menu_typo_font_size_tablet":0,"ocean_menu_typo_font_size_mobile":0,"ocean_menu_typo_font_size_unit":"px","ocean_menu_typo_font_weight":"","ocean_menu_typo_font_weight_tablet":"","ocean_menu_typo_font_weight_mobile":"","ocean_menu_typo_transform":"","ocean_menu_typo_transform_tablet":"","ocean_menu_typo_transform_mobile":"","ocean_menu_typo_line_height":0,"ocean_menu_typo_line_height_tablet":0,"ocean_menu_typo_line_height_mobile":0,"ocean_menu_typo_line_height_unit":"","ocean_menu_typo_spacing":0,"ocean_menu_typo_spacing_tablet":0,"ocean_menu_typo_spacing_mobile":0,"ocean_menu_typo_spacing_unit":"","ocean_menu_link_color":"","ocean_menu_link_color_hover":"","ocean_menu_link_color_active":"","ocean_menu_link_background":"","ocean_menu_link_hover_background":"","ocean_menu_link_active_background":"","ocean_menu_social_links_bg":"","ocean_menu_social_hover_links_bg":"","ocean_menu_social_links_color":"","ocean_menu_social_hover_links_color":"","ocean_disable_title":"default","ocean_disable_heading":"default","ocean_post_title":"","ocean_post_subheading":"","ocean_post_title_style":"","ocean_post_title_background_color":"","ocean_post_title_background":0,"ocean_post_title_bg_image_position":"","ocean_post_title_bg_image_attachment":"","ocean_post_title_bg_image_repeat":"","ocean_post_title_bg_image_size":"","ocean_post_title_height":0,"ocean_post_title_bg_overlay":0.5,"ocean_post_title_bg_overlay_color":"","ocean_disable_breadcrumbs":"default","ocean_breadcrumbs_color":"","ocean_breadcrumbs_separator_color":"","ocean_breadcrumbs_links_color":"","ocean_breadcrumbs_links_hover_color":"","ocean_display_footer_widgets":"default","ocean_display_footer_bottom":"default","ocean_custom_footer_template":"0"},"product_brand":[610],"product_cat":[183,111,133],"product_tag":[],"class_list":{"0":"post-7301","1":"product","2":"type-product","3":"status-publish","4":"has-post-thumbnail","6":"product_brand-editions-francois-dhalmann","7":"product_cat-grand-ensemble","8":"product_cat-louvier-alain","9":"product_cat-chambre","10":"pa_difficulte-difficile","12":"entry","13":"has-media","15":"first","16":"instock","17":"downloadable","18":"virtual","19":"taxable","20":"purchasable","21":"product-type-simple","22":"add-to-wishlist-before_image","23":"has-product-nav","24":"col","25":"span_1_of_4","26":"owp-content-center","27":"owp-thumbs-layout-horizontal","28":"owp-btn-normal","29":"owp-tabs-layout-horizontal"},"yoast_head":"<!-- This site is optimized with the Yoast SEO plugin v27.5 - https:\/\/yoast.com\/product\/yoast-seo-wordpress\/ -->\n<title>Lumi\u00e8res Cendr\u00e9es - Alain Louvier - Editions Fran\u00e7ois Dhalmann<\/title>\n<meta name=\"description\" content=\"Partition en vente directe sur le site des Editions Fran\u00e7ois Dhalmann. Partition au format imprim\u00e9 ou en t\u00e9l\u00e9chargement imm\u00e9diat.\" \/>\n<meta name=\"robots\" content=\"index, follow, max-snippet:-1, max-image-preview:large, max-video-preview:-1\" \/>\n<link rel=\"canonical\" href=\"https:\/\/dhalmann.fr\/music\/produit\/lumieres-cendrees-alain-louvier\/\" \/>\n<meta property=\"og:locale\" content=\"fr_FR\" \/>\n<meta property=\"og:type\" content=\"article\" \/>\n<meta property=\"og:title\" content=\"Lumi\u00e8res Cendr\u00e9es - Alain Louvier - Editions Fran\u00e7ois Dhalmann\" \/>\n<meta property=\"og:description\" content=\"Partition en vente directe sur le site des Editions Fran\u00e7ois Dhalmann. Partition au format imprim\u00e9 ou en t\u00e9l\u00e9chargement imm\u00e9diat.\" \/>\n<meta property=\"og:url\" content=\"https:\/\/dhalmann.fr\/music\/produit\/lumieres-cendrees-alain-louvier\/\" \/>\n<meta property=\"og:site_name\" content=\"Editions Fran\u00e7ois Dhalmann\" \/>\n<meta property=\"article:publisher\" content=\"https:\/\/www.facebook.com\/EditionsDhalmann\/\" \/>\n<meta property=\"article:modified_time\" content=\"2026-04-17T13:46:11+00:00\" \/>\n<meta property=\"og:image\" content=\"https:\/\/dhalmann.fr\/music\/wp-content\/uploads\/2021\/09\/FD0764_Lumieres_cendrees.jpg\" \/>\n\t<meta property=\"og:image:width\" content=\"724\" \/>\n\t<meta property=\"og:image:height\" content=\"1024\" \/>\n\t<meta property=\"og:image:type\" content=\"image\/jpeg\" \/>\n<meta name=\"twitter:card\" content=\"summary_large_image\" \/>\n<meta name=\"twitter:site\" content=\"@editiondhalmann\" \/>\n<meta name=\"twitter:label1\" content=\"Dur\u00e9e de lecture estim\u00e9e\" \/>\n\t<meta name=\"twitter:data1\" content=\"3 minutes\" \/>\n<script type=\"application\/ld+json\" class=\"yoast-schema-graph\">{\"@context\":\"https:\\\/\\\/schema.org\",\"@graph\":[{\"@type\":\"WebPage\",\"@id\":\"https:\\\/\\\/dhalmann.fr\\\/music\\\/produit\\\/lumieres-cendrees-alain-louvier\\\/\",\"url\":\"https:\\\/\\\/dhalmann.fr\\\/music\\\/produit\\\/lumieres-cendrees-alain-louvier\\\/\",\"name\":\"Lumi\u00e8res Cendr\u00e9es - Alain Louvier - Editions Fran\u00e7ois Dhalmann\",\"isPartOf\":{\"@id\":\"https:\\\/\\\/dhalmann.fr\\\/music\\\/#website\"},\"primaryImageOfPage\":{\"@id\":\"https:\\\/\\\/dhalmann.fr\\\/music\\\/produit\\\/lumieres-cendrees-alain-louvier\\\/#primaryimage\"},\"image\":{\"@id\":\"https:\\\/\\\/dhalmann.fr\\\/music\\\/produit\\\/lumieres-cendrees-alain-louvier\\\/#primaryimage\"},\"thumbnailUrl\":\"https:\\\/\\\/dhalmann.fr\\\/music\\\/wp-content\\\/uploads\\\/2021\\\/09\\\/FD0764_Lumieres_cendrees.jpg\",\"datePublished\":\"2021-09-09T09:46:15+00:00\",\"dateModified\":\"2026-04-17T13:46:11+00:00\",\"description\":\"Partition en vente directe sur le site des Editions Fran\u00e7ois Dhalmann. Partition au format imprim\u00e9 ou en t\u00e9l\u00e9chargement imm\u00e9diat.\",\"breadcrumb\":{\"@id\":\"https:\\\/\\\/dhalmann.fr\\\/music\\\/produit\\\/lumieres-cendrees-alain-louvier\\\/#breadcrumb\"},\"inLanguage\":\"fr-FR\",\"potentialAction\":[{\"@type\":\"ReadAction\",\"target\":[\"https:\\\/\\\/dhalmann.fr\\\/music\\\/produit\\\/lumieres-cendrees-alain-louvier\\\/\"]}]},{\"@type\":\"ImageObject\",\"inLanguage\":\"fr-FR\",\"@id\":\"https:\\\/\\\/dhalmann.fr\\\/music\\\/produit\\\/lumieres-cendrees-alain-louvier\\\/#primaryimage\",\"url\":\"https:\\\/\\\/dhalmann.fr\\\/music\\\/wp-content\\\/uploads\\\/2021\\\/09\\\/FD0764_Lumieres_cendrees.jpg\",\"contentUrl\":\"https:\\\/\\\/dhalmann.fr\\\/music\\\/wp-content\\\/uploads\\\/2021\\\/09\\\/FD0764_Lumieres_cendrees.jpg\",\"width\":724,\"height\":1024,\"caption\":\"Lumi\u00e8res Cendr\u00e9es\"},{\"@type\":\"BreadcrumbList\",\"@id\":\"https:\\\/\\\/dhalmann.fr\\\/music\\\/produit\\\/lumieres-cendrees-alain-louvier\\\/#breadcrumb\",\"itemListElement\":[{\"@type\":\"ListItem\",\"position\":1,\"name\":\"Home\",\"item\":\"https:\\\/\\\/dhalmann.fr\\\/music\\\/\"},{\"@type\":\"ListItem\",\"position\":2,\"name\":\"Boutique\",\"item\":\"https:\\\/\\\/dhalmann.fr\\\/music\\\/boutique\\\/\"},{\"@type\":\"ListItem\",\"position\":3,\"name\":\"Lumi\u00e8res Cendr\u00e9es &#8211; Alain Louvier\"}]},{\"@type\":\"WebSite\",\"@id\":\"https:\\\/\\\/dhalmann.fr\\\/music\\\/#website\",\"url\":\"https:\\\/\\\/dhalmann.fr\\\/music\\\/\",\"name\":\"Editions Fran\u00e7ois Dhalmann\",\"description\":\"Partitions musicales des Editions Dhalmann pour tous les instruments - Percussion, piano, cordes, vents, ensemble, orchestre et bien plus\",\"publisher\":{\"@id\":\"https:\\\/\\\/dhalmann.fr\\\/music\\\/#organization\"},\"alternateName\":\"Dhalmann\",\"potentialAction\":[{\"@type\":\"SearchAction\",\"target\":{\"@type\":\"EntryPoint\",\"urlTemplate\":\"https:\\\/\\\/dhalmann.fr\\\/music\\\/?s={search_term_string}\"},\"query-input\":{\"@type\":\"PropertyValueSpecification\",\"valueRequired\":true,\"valueName\":\"search_term_string\"}}],\"inLanguage\":\"fr-FR\"},{\"@type\":\"Organization\",\"@id\":\"https:\\\/\\\/dhalmann.fr\\\/music\\\/#organization\",\"name\":\"Editions Francois Dhalmann\",\"alternateName\":\"Dhalmann\",\"url\":\"https:\\\/\\\/dhalmann.fr\\\/music\\\/\",\"logo\":{\"@type\":\"ImageObject\",\"inLanguage\":\"fr-FR\",\"@id\":\"https:\\\/\\\/dhalmann.fr\\\/music\\\/#\\\/schema\\\/logo\\\/image\\\/\",\"url\":\"https:\\\/\\\/dhalmann.fr\\\/music\\\/wp-content\\\/uploads\\\/2021\\\/07\\\/editions-francois-dhalmann-1397749175.jpg\",\"contentUrl\":\"https:\\\/\\\/dhalmann.fr\\\/music\\\/wp-content\\\/uploads\\\/2021\\\/07\\\/editions-francois-dhalmann-1397749175.jpg\",\"width\":559,\"height\":354,\"caption\":\"Editions Francois Dhalmann\"},\"image\":{\"@id\":\"https:\\\/\\\/dhalmann.fr\\\/music\\\/#\\\/schema\\\/logo\\\/image\\\/\"},\"sameAs\":[\"https:\\\/\\\/www.facebook.com\\\/EditionsDhalmann\\\/\",\"https:\\\/\\\/x.com\\\/editiondhalmann\",\"https:\\\/\\\/www.youtube.com\\\/channel\\\/UCZdGOJXKqg6ByF1pQloitAg\"]}]}<\/script>\n<!-- \/ Yoast SEO plugin. -->","yoast_head_json":{"title":"Lumi\u00e8res Cendr\u00e9es - Alain Louvier - Editions Fran\u00e7ois Dhalmann","description":"Partition en vente directe sur le site des Editions Fran\u00e7ois Dhalmann. Partition au format imprim\u00e9 ou en t\u00e9l\u00e9chargement imm\u00e9diat.","robots":{"index":"index","follow":"follow","max-snippet":"max-snippet:-1","max-image-preview":"max-image-preview:large","max-video-preview":"max-video-preview:-1"},"canonical":"https:\/\/dhalmann.fr\/music\/produit\/lumieres-cendrees-alain-louvier\/","og_locale":"fr_FR","og_type":"article","og_title":"Lumi\u00e8res Cendr\u00e9es - Alain Louvier - Editions Fran\u00e7ois Dhalmann","og_description":"Partition en vente directe sur le site des Editions Fran\u00e7ois Dhalmann. Partition au format imprim\u00e9 ou en t\u00e9l\u00e9chargement imm\u00e9diat.","og_url":"https:\/\/dhalmann.fr\/music\/produit\/lumieres-cendrees-alain-louvier\/","og_site_name":"Editions Fran\u00e7ois Dhalmann","article_publisher":"https:\/\/www.facebook.com\/EditionsDhalmann\/","article_modified_time":"2026-04-17T13:46:11+00:00","og_image":[{"width":724,"height":1024,"url":"https:\/\/dhalmann.fr\/music\/wp-content\/uploads\/2021\/09\/FD0764_Lumieres_cendrees.jpg","type":"image\/jpeg"}],"twitter_card":"summary_large_image","twitter_site":"@editiondhalmann","twitter_misc":{"Dur\u00e9e de lecture estim\u00e9e":"3 minutes"},"schema":{"@context":"https:\/\/schema.org","@graph":[{"@type":"WebPage","@id":"https:\/\/dhalmann.fr\/music\/produit\/lumieres-cendrees-alain-louvier\/","url":"https:\/\/dhalmann.fr\/music\/produit\/lumieres-cendrees-alain-louvier\/","name":"Lumi\u00e8res Cendr\u00e9es - Alain Louvier - Editions Fran\u00e7ois Dhalmann","isPartOf":{"@id":"https:\/\/dhalmann.fr\/music\/#website"},"primaryImageOfPage":{"@id":"https:\/\/dhalmann.fr\/music\/produit\/lumieres-cendrees-alain-louvier\/#primaryimage"},"image":{"@id":"https:\/\/dhalmann.fr\/music\/produit\/lumieres-cendrees-alain-louvier\/#primaryimage"},"thumbnailUrl":"https:\/\/dhalmann.fr\/music\/wp-content\/uploads\/2021\/09\/FD0764_Lumieres_cendrees.jpg","datePublished":"2021-09-09T09:46:15+00:00","dateModified":"2026-04-17T13:46:11+00:00","description":"Partition en vente directe sur le site des Editions Fran\u00e7ois Dhalmann. Partition au format imprim\u00e9 ou en t\u00e9l\u00e9chargement imm\u00e9diat.","breadcrumb":{"@id":"https:\/\/dhalmann.fr\/music\/produit\/lumieres-cendrees-alain-louvier\/#breadcrumb"},"inLanguage":"fr-FR","potentialAction":[{"@type":"ReadAction","target":["https:\/\/dhalmann.fr\/music\/produit\/lumieres-cendrees-alain-louvier\/"]}]},{"@type":"ImageObject","inLanguage":"fr-FR","@id":"https:\/\/dhalmann.fr\/music\/produit\/lumieres-cendrees-alain-louvier\/#primaryimage","url":"https:\/\/dhalmann.fr\/music\/wp-content\/uploads\/2021\/09\/FD0764_Lumieres_cendrees.jpg","contentUrl":"https:\/\/dhalmann.fr\/music\/wp-content\/uploads\/2021\/09\/FD0764_Lumieres_cendrees.jpg","width":724,"height":1024,"caption":"Lumi\u00e8res Cendr\u00e9es"},{"@type":"BreadcrumbList","@id":"https:\/\/dhalmann.fr\/music\/produit\/lumieres-cendrees-alain-louvier\/#breadcrumb","itemListElement":[{"@type":"ListItem","position":1,"name":"Home","item":"https:\/\/dhalmann.fr\/music\/"},{"@type":"ListItem","position":2,"name":"Boutique","item":"https:\/\/dhalmann.fr\/music\/boutique\/"},{"@type":"ListItem","position":3,"name":"Lumi\u00e8res Cendr\u00e9es &#8211; Alain Louvier"}]},{"@type":"WebSite","@id":"https:\/\/dhalmann.fr\/music\/#website","url":"https:\/\/dhalmann.fr\/music\/","name":"Editions Fran\u00e7ois Dhalmann","description":"Partitions musicales des Editions Dhalmann pour tous les instruments - Percussion, piano, cordes, vents, ensemble, orchestre et bien plus","publisher":{"@id":"https:\/\/dhalmann.fr\/music\/#organization"},"alternateName":"Dhalmann","potentialAction":[{"@type":"SearchAction","target":{"@type":"EntryPoint","urlTemplate":"https:\/\/dhalmann.fr\/music\/?s={search_term_string}"},"query-input":{"@type":"PropertyValueSpecification","valueRequired":true,"valueName":"search_term_string"}}],"inLanguage":"fr-FR"},{"@type":"Organization","@id":"https:\/\/dhalmann.fr\/music\/#organization","name":"Editions Francois Dhalmann","alternateName":"Dhalmann","url":"https:\/\/dhalmann.fr\/music\/","logo":{"@type":"ImageObject","inLanguage":"fr-FR","@id":"https:\/\/dhalmann.fr\/music\/#\/schema\/logo\/image\/","url":"https:\/\/dhalmann.fr\/music\/wp-content\/uploads\/2021\/07\/editions-francois-dhalmann-1397749175.jpg","contentUrl":"https:\/\/dhalmann.fr\/music\/wp-content\/uploads\/2021\/07\/editions-francois-dhalmann-1397749175.jpg","width":559,"height":354,"caption":"Editions Francois Dhalmann"},"image":{"@id":"https:\/\/dhalmann.fr\/music\/#\/schema\/logo\/image\/"},"sameAs":["https:\/\/www.facebook.com\/EditionsDhalmann\/","https:\/\/x.com\/editiondhalmann","https:\/\/www.youtube.com\/channel\/UCZdGOJXKqg6ByF1pQloitAg"]}]}},"_links":{"self":[{"href":"https:\/\/dhalmann.fr\/music\/wp-json\/wp\/v2\/product\/7301","targetHints":{"allow":["GET"]}}],"collection":[{"href":"https:\/\/dhalmann.fr\/music\/wp-json\/wp\/v2\/product"}],"about":[{"href":"https:\/\/dhalmann.fr\/music\/wp-json\/wp\/v2\/types\/product"}],"wp:featuredmedia":[{"embeddable":true,"href":"https:\/\/dhalmann.fr\/music\/wp-json\/wp\/v2\/media\/7302"}],"wp:attachment":[{"href":"https:\/\/dhalmann.fr\/music\/wp-json\/wp\/v2\/media?parent=7301"}],"wp:term":[{"taxonomy":"product_brand","embeddable":true,"href":"https:\/\/dhalmann.fr\/music\/wp-json\/wp\/v2\/product_brand?post=7301"},{"taxonomy":"product_cat","embeddable":true,"href":"https:\/\/dhalmann.fr\/music\/wp-json\/wp\/v2\/product_cat?post=7301"},{"taxonomy":"product_tag","embeddable":true,"href":"https:\/\/dhalmann.fr\/music\/wp-json\/wp\/v2\/product_tag?post=7301"}],"curies":[{"name":"wp","href":"https:\/\/api.w.org\/{rel}","templated":true}]}}