{"id":8078,"date":"2017-09-30T16:14:50","date_gmt":"2017-09-30T14:14:50","guid":{"rendered":"https:\/\/dhalmann.fr\/music\/?post_type=product&#038;p=8078"},"modified":"2026-04-14T16:15:51","modified_gmt":"2026-04-14T14:15:51","slug":"l-esprit-de-l-eau-machado","status":"publish","type":"product","link":"https:\/\/dhalmann.fr\/music\/produit\/l-esprit-de-l-eau-machado\/","title":{"rendered":"L&#8217;Esprit de l&#8217;Eau &#8211; Jean-Marie Machado"},"content":{"rendered":"<h2>L&#8217;Esprit de l&#8217;Eau &#8211; <a href=\"https:\/\/dhalmann.fr\/music\/product-category\/auteurs\/machado-jean-marie\/\">Jean-Marie Machado<\/a><\/h2>\n<h3>Double concerto pour piano, tuba et orchestre symphonique.<\/h3>\n<p>Composition en cinq tableaux :<br \/>\n&#8211; Larmes \u00e9veil du fleuve c\u00e9leste<br \/>\n&#8211; Brume invisible<br \/>\n&#8211; Danse sur un jardin de givre<br \/>\n&#8211; Feuilles de neige en \u00e9quilibre<br \/>\n&#8211; Saga des vagues<\/p>\n<p>Dur\u00e9e 25mn<\/p>\n<p>Cr\u00e9ation : 29 septembre 2017 par Jean-Marie Machado, Fran\u00e7ois Thuillier et l\u2019Orchestre National d\u2019Ile de France.<\/p>\n<div style=\"width: 1200px;\" class=\"wp-video\"><video class=\"wp-video-shortcode\" id=\"video-8078-1\" width=\"1200\" height=\"675\" preload=\"metadata\" controls=\"controls\"><source type=\"video\/mp4\" src=\"https:\/\/dhalmann.fr\/music\/wp-content\/uploads\/2017\/09\/machado-esprit-eau-mouvement-1-b.mp4?_=1\" \/><a href=\"https:\/\/dhalmann.fr\/music\/wp-content\/uploads\/2017\/09\/machado-esprit-eau-mouvement-1-b.mp4\">https:\/\/dhalmann.fr\/music\/wp-content\/uploads\/2017\/09\/machado-esprit-eau-mouvement-1-b.mp4<\/a><\/video><\/div>\n<p><strong>Bois :<\/strong><br \/>\nDeux Fl\u00fbtes en do ( avec possibilit\u00e9 d\u2019une fl\u00fbte alto et d\u2019une fl\u00fbte piccolo )<br \/>\nUn hautbois<br \/>\nUn cor Anglais<br \/>\nDeux clarinettes sib ( avec possibilit\u00e9 d\u2019une clarinette basse )<br \/>\nDeux Bassons<\/p>\n<p><strong>Cuivres :<\/strong><br \/>\nDeux cors en Fa<br \/>\nUne trompette sib<br \/>\nUn Bugle sib<br \/>\nUn Trombone<\/p>\n<p><strong>Cordes :<\/strong><br \/>\nViolons 1 par 6<br \/>\nViolons 2 par 6<br \/>\nAltos par 4<br \/>\nVioloncelles par 4<br \/>\nContrebasses par 2<\/p>\n<p><strong>Percussions :<\/strong><br \/>\n( 3 personnes )<br \/>\nGlockenspiel<br \/>\nCymbales \/ Tam \/ Gong et autres<br \/>\nTimbales \/ et ethno set drums*<br \/>\n( *set cr\u00e9\u00e9 avec des percussions ethniques sur pied jou\u00e9es avec mailloches )<br \/>\n1 Vibraphone<br \/>\n1 Marimba<br \/>\n1 xylophone<\/p>\n<p>&nbsp;<\/p>\n","protected":false},"excerpt":{"rendered":"<h2>L&#8217;Esprit de l&#8217;Eau &#8211; Jean-Marie Machado<\/h2>\n<h3>Double concerto pour piano, tuba et orchestre symphonique.<\/h3>\n<p>Mat\u00e9riel complet conducteur et parties s\u00e9par\u00e9es<br \/>\nEn vente en t\u00e9l\u00e9chargement imm\u00e9diat<br \/>\nMat\u00e9riel imprim\u00e9, en location<\/p>\n","protected":false},"featured_media":8081,"template":"","meta":{"ocean_post_layout":"","ocean_both_sidebars_style":"","ocean_both_sidebars_content_width":0,"ocean_both_sidebars_sidebars_width":0,"ocean_sidebar":"0","ocean_second_sidebar":"0","ocean_disable_margins":"enable","ocean_add_body_class":"","ocean_shortcode_before_top_bar":"","ocean_shortcode_after_top_bar":"","ocean_shortcode_before_header":"","ocean_shortcode_after_header":"","ocean_has_shortcode":"","ocean_shortcode_after_title":"","ocean_shortcode_before_footer_widgets":"","ocean_shortcode_after_footer_widgets":"","ocean_shortcode_before_footer_bottom":"","ocean_shortcode_after_footer_bottom":"","ocean_display_top_bar":"default","ocean_display_header":"default","ocean_header_style":"","ocean_center_header_left_menu":"0","ocean_custom_header_template":"0","ocean_custom_logo":0,"ocean_custom_retina_logo":0,"ocean_custom_logo_max_width":0,"ocean_custom_logo_tablet_max_width":0,"ocean_custom_logo_mobile_max_width":0,"ocean_custom_logo_max_height":0,"ocean_custom_logo_tablet_max_height":0,"ocean_custom_logo_mobile_max_height":0,"ocean_header_custom_menu":"0","ocean_menu_typo_font_family":"0","ocean_menu_typo_font_subset":"","ocean_menu_typo_font_size":0,"ocean_menu_typo_font_size_tablet":0,"ocean_menu_typo_font_size_mobile":0,"ocean_menu_typo_font_size_unit":"px","ocean_menu_typo_font_weight":"","ocean_menu_typo_font_weight_tablet":"","ocean_menu_typo_font_weight_mobile":"","ocean_menu_typo_transform":"","ocean_menu_typo_transform_tablet":"","ocean_menu_typo_transform_mobile":"","ocean_menu_typo_line_height":0,"ocean_menu_typo_line_height_tablet":0,"ocean_menu_typo_line_height_mobile":0,"ocean_menu_typo_line_height_unit":"","ocean_menu_typo_spacing":0,"ocean_menu_typo_spacing_tablet":0,"ocean_menu_typo_spacing_mobile":0,"ocean_menu_typo_spacing_unit":"","ocean_menu_link_color":"","ocean_menu_link_color_hover":"","ocean_menu_link_color_active":"","ocean_menu_link_background":"","ocean_menu_link_hover_background":"","ocean_menu_link_active_background":"","ocean_menu_social_links_bg":"","ocean_menu_social_hover_links_bg":"","ocean_menu_social_links_color":"","ocean_menu_social_hover_links_color":"","ocean_disable_title":"default","ocean_disable_heading":"default","ocean_post_title":"","ocean_post_subheading":"","ocean_post_title_style":"","ocean_post_title_background_color":"","ocean_post_title_background":0,"ocean_post_title_bg_image_position":"","ocean_post_title_bg_image_attachment":"","ocean_post_title_bg_image_repeat":"","ocean_post_title_bg_image_size":"","ocean_post_title_height":0,"ocean_post_title_bg_overlay":0.5,"ocean_post_title_bg_overlay_color":"","ocean_disable_breadcrumbs":"default","ocean_breadcrumbs_color":"","ocean_breadcrumbs_separator_color":"","ocean_breadcrumbs_links_color":"","ocean_breadcrumbs_links_hover_color":"","ocean_display_footer_widgets":"default","ocean_display_footer_bottom":"default","ocean_custom_footer_template":"0"},"product_brand":[610],"product_cat":[151,184,65,138,669,172],"product_tag":[],"class_list":{"0":"post-8078","1":"product","2":"type-product","3":"status-publish","4":"has-post-thumbnail","6":"product_brand-editions-francois-dhalmann","7":"product_cat-claviers","8":"product_cat-concerto","9":"product_cat-machado-jean-marie","10":"product_cat-orchestre-symphonique","11":"product_cat-piano","12":"product_cat-tuba","13":"pa_difficulte-difficile","15":"entry","16":"has-media","18":"first","19":"instock","20":"downloadable","21":"virtual","22":"taxable","23":"purchasable","24":"product-type-simple","25":"add-to-wishlist-before_image","26":"has-product-nav","27":"col","28":"span_1_of_4","29":"owp-content-center","30":"owp-thumbs-layout-horizontal","31":"owp-btn-normal","32":"owp-tabs-layout-horizontal"},"yoast_head":"<!-- This site is optimized with the Yoast SEO plugin v27.5 - https:\/\/yoast.com\/product\/yoast-seo-wordpress\/ -->\n<title>L&#039;Esprit de l&#039;Eau - Jean-Marie Machado - Editions Fran\u00e7ois Dhalmann<\/title>\n<meta name=\"description\" content=\"Double concerto pour piano, tuba et orchestre symphonique . Partition au format imprim\u00e9 ou en t\u00e9l\u00e9chargement imm\u00e9diat.\" \/>\n<meta name=\"robots\" content=\"index, follow, max-snippet:-1, max-image-preview:large, max-video-preview:-1\" \/>\n<link rel=\"canonical\" href=\"https:\/\/dhalmann.fr\/music\/produit\/l-esprit-de-l-eau-machado\/\" \/>\n<meta property=\"og:locale\" content=\"fr_FR\" \/>\n<meta property=\"og:type\" content=\"article\" \/>\n<meta property=\"og:title\" content=\"L&#039;Esprit de l&#039;Eau - Jean-Marie Machado - Editions Fran\u00e7ois Dhalmann\" \/>\n<meta property=\"og:description\" content=\"Double concerto pour piano, tuba et orchestre symphonique . Partition au format imprim\u00e9 ou en t\u00e9l\u00e9chargement imm\u00e9diat.\" \/>\n<meta property=\"og:url\" content=\"https:\/\/dhalmann.fr\/music\/produit\/l-esprit-de-l-eau-machado\/\" \/>\n<meta property=\"og:site_name\" content=\"Editions Fran\u00e7ois Dhalmann\" \/>\n<meta property=\"article:publisher\" content=\"https:\/\/www.facebook.com\/EditionsDhalmann\/\" \/>\n<meta property=\"article:modified_time\" content=\"2026-04-14T14:15:51+00:00\" \/>\n<meta property=\"og:image\" content=\"https:\/\/dhalmann.fr\/music\/wp-content\/uploads\/2022\/04\/FD0725-Esprit_de_l_eau.jpg\" \/>\n\t<meta property=\"og:image:width\" content=\"796\" \/>\n\t<meta property=\"og:image:height\" content=\"1126\" \/>\n\t<meta property=\"og:image:type\" content=\"image\/jpeg\" \/>\n<meta name=\"twitter:card\" content=\"summary_large_image\" \/>\n<meta name=\"twitter:site\" content=\"@editiondhalmann\" \/>\n<meta name=\"twitter:label1\" content=\"Dur\u00e9e de lecture estim\u00e9e\" \/>\n\t<meta name=\"twitter:data1\" content=\"1 minute\" \/>\n<script type=\"application\/ld+json\" class=\"yoast-schema-graph\">{\"@context\":\"https:\\\/\\\/schema.org\",\"@graph\":[{\"@type\":\"WebPage\",\"@id\":\"https:\\\/\\\/dhalmann.fr\\\/music\\\/produit\\\/l-esprit-de-l-eau-machado\\\/\",\"url\":\"https:\\\/\\\/dhalmann.fr\\\/music\\\/produit\\\/l-esprit-de-l-eau-machado\\\/\",\"name\":\"L'Esprit de l'Eau - Jean-Marie Machado - Editions Fran\u00e7ois Dhalmann\",\"isPartOf\":{\"@id\":\"https:\\\/\\\/dhalmann.fr\\\/music\\\/#website\"},\"primaryImageOfPage\":{\"@id\":\"https:\\\/\\\/dhalmann.fr\\\/music\\\/produit\\\/l-esprit-de-l-eau-machado\\\/#primaryimage\"},\"image\":{\"@id\":\"https:\\\/\\\/dhalmann.fr\\\/music\\\/produit\\\/l-esprit-de-l-eau-machado\\\/#primaryimage\"},\"thumbnailUrl\":\"https:\\\/\\\/dhalmann.fr\\\/music\\\/wp-content\\\/uploads\\\/2022\\\/04\\\/FD0725-Esprit_de_l_eau.jpg\",\"datePublished\":\"2017-09-30T14:14:50+00:00\",\"dateModified\":\"2026-04-14T14:15:51+00:00\",\"description\":\"Double concerto pour piano, tuba et orchestre symphonique . Partition au format imprim\u00e9 ou en t\u00e9l\u00e9chargement imm\u00e9diat.\",\"breadcrumb\":{\"@id\":\"https:\\\/\\\/dhalmann.fr\\\/music\\\/produit\\\/l-esprit-de-l-eau-machado\\\/#breadcrumb\"},\"inLanguage\":\"fr-FR\",\"potentialAction\":[{\"@type\":\"ReadAction\",\"target\":[\"https:\\\/\\\/dhalmann.fr\\\/music\\\/produit\\\/l-esprit-de-l-eau-machado\\\/\"]}]},{\"@type\":\"ImageObject\",\"inLanguage\":\"fr-FR\",\"@id\":\"https:\\\/\\\/dhalmann.fr\\\/music\\\/produit\\\/l-esprit-de-l-eau-machado\\\/#primaryimage\",\"url\":\"https:\\\/\\\/dhalmann.fr\\\/music\\\/wp-content\\\/uploads\\\/2022\\\/04\\\/FD0725-Esprit_de_l_eau.jpg\",\"contentUrl\":\"https:\\\/\\\/dhalmann.fr\\\/music\\\/wp-content\\\/uploads\\\/2022\\\/04\\\/FD0725-Esprit_de_l_eau.jpg\",\"width\":796,\"height\":1126},{\"@type\":\"BreadcrumbList\",\"@id\":\"https:\\\/\\\/dhalmann.fr\\\/music\\\/produit\\\/l-esprit-de-l-eau-machado\\\/#breadcrumb\",\"itemListElement\":[{\"@type\":\"ListItem\",\"position\":1,\"name\":\"Home\",\"item\":\"https:\\\/\\\/dhalmann.fr\\\/music\\\/\"},{\"@type\":\"ListItem\",\"position\":2,\"name\":\"Boutique\",\"item\":\"https:\\\/\\\/dhalmann.fr\\\/music\\\/boutique\\\/\"},{\"@type\":\"ListItem\",\"position\":3,\"name\":\"L&#8217;Esprit de l&#8217;Eau &#8211; Jean-Marie Machado\"}]},{\"@type\":\"WebSite\",\"@id\":\"https:\\\/\\\/dhalmann.fr\\\/music\\\/#website\",\"url\":\"https:\\\/\\\/dhalmann.fr\\\/music\\\/\",\"name\":\"Editions Fran\u00e7ois Dhalmann\",\"description\":\"Partitions musicales des Editions Dhalmann pour tous les instruments - Percussion, piano, cordes, vents, ensemble, orchestre et bien plus\",\"publisher\":{\"@id\":\"https:\\\/\\\/dhalmann.fr\\\/music\\\/#organization\"},\"alternateName\":\"Dhalmann\",\"potentialAction\":[{\"@type\":\"SearchAction\",\"target\":{\"@type\":\"EntryPoint\",\"urlTemplate\":\"https:\\\/\\\/dhalmann.fr\\\/music\\\/?s={search_term_string}\"},\"query-input\":{\"@type\":\"PropertyValueSpecification\",\"valueRequired\":true,\"valueName\":\"search_term_string\"}}],\"inLanguage\":\"fr-FR\"},{\"@type\":\"Organization\",\"@id\":\"https:\\\/\\\/dhalmann.fr\\\/music\\\/#organization\",\"name\":\"Editions Francois Dhalmann\",\"alternateName\":\"Dhalmann\",\"url\":\"https:\\\/\\\/dhalmann.fr\\\/music\\\/\",\"logo\":{\"@type\":\"ImageObject\",\"inLanguage\":\"fr-FR\",\"@id\":\"https:\\\/\\\/dhalmann.fr\\\/music\\\/#\\\/schema\\\/logo\\\/image\\\/\",\"url\":\"https:\\\/\\\/dhalmann.fr\\\/music\\\/wp-content\\\/uploads\\\/2021\\\/07\\\/editions-francois-dhalmann-1397749175.jpg\",\"contentUrl\":\"https:\\\/\\\/dhalmann.fr\\\/music\\\/wp-content\\\/uploads\\\/2021\\\/07\\\/editions-francois-dhalmann-1397749175.jpg\",\"width\":559,\"height\":354,\"caption\":\"Editions Francois Dhalmann\"},\"image\":{\"@id\":\"https:\\\/\\\/dhalmann.fr\\\/music\\\/#\\\/schema\\\/logo\\\/image\\\/\"},\"sameAs\":[\"https:\\\/\\\/www.facebook.com\\\/EditionsDhalmann\\\/\",\"https:\\\/\\\/x.com\\\/editiondhalmann\",\"https:\\\/\\\/www.youtube.com\\\/channel\\\/UCZdGOJXKqg6ByF1pQloitAg\"]}]}<\/script>\n<!-- \/ Yoast SEO plugin. -->","yoast_head_json":{"title":"L'Esprit de l'Eau - Jean-Marie Machado - Editions Fran\u00e7ois Dhalmann","description":"Double concerto pour piano, tuba et orchestre symphonique . Partition au format imprim\u00e9 ou en t\u00e9l\u00e9chargement imm\u00e9diat.","robots":{"index":"index","follow":"follow","max-snippet":"max-snippet:-1","max-image-preview":"max-image-preview:large","max-video-preview":"max-video-preview:-1"},"canonical":"https:\/\/dhalmann.fr\/music\/produit\/l-esprit-de-l-eau-machado\/","og_locale":"fr_FR","og_type":"article","og_title":"L'Esprit de l'Eau - Jean-Marie Machado - Editions Fran\u00e7ois Dhalmann","og_description":"Double concerto pour piano, tuba et orchestre symphonique . Partition au format imprim\u00e9 ou en t\u00e9l\u00e9chargement imm\u00e9diat.","og_url":"https:\/\/dhalmann.fr\/music\/produit\/l-esprit-de-l-eau-machado\/","og_site_name":"Editions Fran\u00e7ois Dhalmann","article_publisher":"https:\/\/www.facebook.com\/EditionsDhalmann\/","article_modified_time":"2026-04-14T14:15:51+00:00","og_image":[{"width":796,"height":1126,"url":"https:\/\/dhalmann.fr\/music\/wp-content\/uploads\/2022\/04\/FD0725-Esprit_de_l_eau.jpg","type":"image\/jpeg"}],"twitter_card":"summary_large_image","twitter_site":"@editiondhalmann","twitter_misc":{"Dur\u00e9e de lecture estim\u00e9e":"1 minute"},"schema":{"@context":"https:\/\/schema.org","@graph":[{"@type":"WebPage","@id":"https:\/\/dhalmann.fr\/music\/produit\/l-esprit-de-l-eau-machado\/","url":"https:\/\/dhalmann.fr\/music\/produit\/l-esprit-de-l-eau-machado\/","name":"L'Esprit de l'Eau - Jean-Marie Machado - Editions Fran\u00e7ois Dhalmann","isPartOf":{"@id":"https:\/\/dhalmann.fr\/music\/#website"},"primaryImageOfPage":{"@id":"https:\/\/dhalmann.fr\/music\/produit\/l-esprit-de-l-eau-machado\/#primaryimage"},"image":{"@id":"https:\/\/dhalmann.fr\/music\/produit\/l-esprit-de-l-eau-machado\/#primaryimage"},"thumbnailUrl":"https:\/\/dhalmann.fr\/music\/wp-content\/uploads\/2022\/04\/FD0725-Esprit_de_l_eau.jpg","datePublished":"2017-09-30T14:14:50+00:00","dateModified":"2026-04-14T14:15:51+00:00","description":"Double concerto pour piano, tuba et orchestre symphonique . Partition au format imprim\u00e9 ou en t\u00e9l\u00e9chargement imm\u00e9diat.","breadcrumb":{"@id":"https:\/\/dhalmann.fr\/music\/produit\/l-esprit-de-l-eau-machado\/#breadcrumb"},"inLanguage":"fr-FR","potentialAction":[{"@type":"ReadAction","target":["https:\/\/dhalmann.fr\/music\/produit\/l-esprit-de-l-eau-machado\/"]}]},{"@type":"ImageObject","inLanguage":"fr-FR","@id":"https:\/\/dhalmann.fr\/music\/produit\/l-esprit-de-l-eau-machado\/#primaryimage","url":"https:\/\/dhalmann.fr\/music\/wp-content\/uploads\/2022\/04\/FD0725-Esprit_de_l_eau.jpg","contentUrl":"https:\/\/dhalmann.fr\/music\/wp-content\/uploads\/2022\/04\/FD0725-Esprit_de_l_eau.jpg","width":796,"height":1126},{"@type":"BreadcrumbList","@id":"https:\/\/dhalmann.fr\/music\/produit\/l-esprit-de-l-eau-machado\/#breadcrumb","itemListElement":[{"@type":"ListItem","position":1,"name":"Home","item":"https:\/\/dhalmann.fr\/music\/"},{"@type":"ListItem","position":2,"name":"Boutique","item":"https:\/\/dhalmann.fr\/music\/boutique\/"},{"@type":"ListItem","position":3,"name":"L&#8217;Esprit de l&#8217;Eau &#8211; Jean-Marie Machado"}]},{"@type":"WebSite","@id":"https:\/\/dhalmann.fr\/music\/#website","url":"https:\/\/dhalmann.fr\/music\/","name":"Editions Fran\u00e7ois Dhalmann","description":"Partitions musicales des Editions Dhalmann pour tous les instruments - Percussion, piano, cordes, vents, ensemble, orchestre et bien plus","publisher":{"@id":"https:\/\/dhalmann.fr\/music\/#organization"},"alternateName":"Dhalmann","potentialAction":[{"@type":"SearchAction","target":{"@type":"EntryPoint","urlTemplate":"https:\/\/dhalmann.fr\/music\/?s={search_term_string}"},"query-input":{"@type":"PropertyValueSpecification","valueRequired":true,"valueName":"search_term_string"}}],"inLanguage":"fr-FR"},{"@type":"Organization","@id":"https:\/\/dhalmann.fr\/music\/#organization","name":"Editions Francois Dhalmann","alternateName":"Dhalmann","url":"https:\/\/dhalmann.fr\/music\/","logo":{"@type":"ImageObject","inLanguage":"fr-FR","@id":"https:\/\/dhalmann.fr\/music\/#\/schema\/logo\/image\/","url":"https:\/\/dhalmann.fr\/music\/wp-content\/uploads\/2021\/07\/editions-francois-dhalmann-1397749175.jpg","contentUrl":"https:\/\/dhalmann.fr\/music\/wp-content\/uploads\/2021\/07\/editions-francois-dhalmann-1397749175.jpg","width":559,"height":354,"caption":"Editions Francois Dhalmann"},"image":{"@id":"https:\/\/dhalmann.fr\/music\/#\/schema\/logo\/image\/"},"sameAs":["https:\/\/www.facebook.com\/EditionsDhalmann\/","https:\/\/x.com\/editiondhalmann","https:\/\/www.youtube.com\/channel\/UCZdGOJXKqg6ByF1pQloitAg"]}]}},"_links":{"self":[{"href":"https:\/\/dhalmann.fr\/music\/wp-json\/wp\/v2\/product\/8078","targetHints":{"allow":["GET"]}}],"collection":[{"href":"https:\/\/dhalmann.fr\/music\/wp-json\/wp\/v2\/product"}],"about":[{"href":"https:\/\/dhalmann.fr\/music\/wp-json\/wp\/v2\/types\/product"}],"wp:featuredmedia":[{"embeddable":true,"href":"https:\/\/dhalmann.fr\/music\/wp-json\/wp\/v2\/media\/8081"}],"wp:attachment":[{"href":"https:\/\/dhalmann.fr\/music\/wp-json\/wp\/v2\/media?parent=8078"}],"wp:term":[{"taxonomy":"product_brand","embeddable":true,"href":"https:\/\/dhalmann.fr\/music\/wp-json\/wp\/v2\/product_brand?post=8078"},{"taxonomy":"product_cat","embeddable":true,"href":"https:\/\/dhalmann.fr\/music\/wp-json\/wp\/v2\/product_cat?post=8078"},{"taxonomy":"product_tag","embeddable":true,"href":"https:\/\/dhalmann.fr\/music\/wp-json\/wp\/v2\/product_tag?post=8078"}],"curies":[{"name":"wp","href":"https:\/\/api.w.org\/{rel}","templated":true}]}}