{"id":8137,"date":"2022-04-26T16:58:36","date_gmt":"2022-04-26T14:58:36","guid":{"rendered":"https:\/\/dhalmann.fr\/music\/?post_type=product&#038;p=8137"},"modified":"2026-04-21T14:30:45","modified_gmt":"2026-04-21T12:30:45","slug":"samplings-concerto-pour-marimba-et-orchestre-symphonique-jean-luc-rimey-meille","status":"publish","type":"product","link":"https:\/\/dhalmann.fr\/music\/produit\/samplings-concerto-pour-marimba-et-orchestre-symphonique-jean-luc-rimey-meille\/","title":{"rendered":"Samplings &#8211; Concerto pour marimba et orchestre symphonique &#8211; Jean-Luc Rimey-Meille"},"content":{"rendered":"<h2>Samplings &#8211; Concerto pour marimba et orchestre symphonique &#8211; <a href=\"https:\/\/dhalmann.fr\/music\/product-category\/auteurs\/rimey-meille-jean-luc\/\">Jean-Luc Rimey-Meille<\/a><\/h2>\n<p>Mat\u00e9riel complet, conducteur et parties s\u00e9par\u00e9es en vente au format imprim\u00e9 ou en t\u00e9l\u00e9chargement imm\u00e9diat.<\/p>\n<p>Commande de l\u2019orchestre Victor-Hugo Franche-Comt\u00e9<br \/>\nDur\u00e9e 16 min 30 environ<\/p>\n<p>\u00c0 Damien Petitjean et Jean Fran\u00e7ois Verdier<\/p>\n<p>\u00c9chantillon de tissus, de mati\u00e8re, de couleur, texture, exemple \u2026 Le sens en Fran\u00e7ais du mot \u00ab sample \u00bb laisse entrevoir quelques perspectives sonores et donne libre cours \u00e0 une exp\u00e9rimentation permettant de croiser diff\u00e9rentes esth\u00e9tiques, ce qui constitue mon champ d\u2019investigation habituel.<br \/>\nLe propos de cette musique est de prendre un exemple \u2013 \u00ab sample \u00bb en Anglais \u2013 comme point de d\u00e9part et de le confronter avec une esth\u00e9tique l\u00e9g\u00e8rement d\u00e9cal\u00e9e afin de lui donner un nouvel \u00e9clairage. La technique du sampling \u2013 \u00e9chantillon sonore pr\u00e9-enregistr\u00e9 \u2013 permet de mettre en boucle des extraits sonores n\u2019ayant pas forc\u00e9ment une dur\u00e9e calibr\u00e9e sur le tempo. Je me suis amus\u00e9 \u00e0 recr\u00e9er cette notion de \u00ab bancale \u00bb en organisant la musique autour de mesures \u00ab asym\u00e9triques \u00bb ou \u00ab compos\u00e9es \u00bb qui peuvent donner l\u2019illusion d\u2019une pulsation irr\u00e9guli\u00e8re, rendant le temps musical plus complexe et peut-\u00eatre, plus agit\u00e9 ?<br \/>\nQuelques r\u00e9f\u00e9rences de \u00ab samples \u00bb pr\u00e9sents dans ce concerto, au hasard et dans le d\u00e9sordre : Maurice Ravel, Steve Reich, Pat Metheny, B\u00e9l\u00e0 Bartok, Frank Zappa \u2026 musique savante, musique du monde, jazz, musique \u00e9lectro, rock \u2026<\/p>\n<p>Le concerto est organis\u00e9 en trois parties encha\u00een\u00e9es.<br \/>\nUn premier moment o\u00f9 viennent se t\u00e9lescoper plusieurs \u00ab samples \u00bb et plusieurs tempis, le marimba \u00e9tant force de proposition puis r\u00e9cup\u00e9rant des \u00e9l\u00e9ments \u00e9manant de l\u2019orchestre pour d\u00e9velopper son discours. Cette partie se conclut par une section minimaliste et d\u00e9cal\u00e9e, comme pourraient l\u2019imaginer des musiciens de musique \u00e9lectro.<br \/>\nUn second moment plus lent, en forme de choral \u00e0 trois temps o\u00f9 le marimba peut d\u00e9voiler une sonorit\u00e9 plus douce, donnant l\u2019illusion de sons tenus en utilisant la technique du roulement. Ce choral, soutenu par les musiciens de l\u2019orchestre (bois, puis cordes) se termine en procession tendue et non r\u00e9solue.<br \/>\nLe final organis\u00e9 sous forme de rondo o\u00f9 l\u2019orchestre et le marimba (rappelant \u00e0 ce moment-l\u00e0 le balafon africain) se r\u00e9pondent, assujettis \u00e0 une mesure \u00ab compos\u00e9e \u00bb o\u00f9 se c\u00f4toient une pulsation binaire et une ternaire, sur un tempo rapide et un orchestre au complet.<\/p>\n<p>Extraits :<\/p>\n<audio class=\"wp-audio-shortcode\" id=\"audio-8137-1\" preload=\"none\" style=\"width: 100%;\" controls=\"controls\"><source type=\"audio\/mpeg\" src=\"https:\/\/dhalmann.fr\/music\/wp-content\/uploads\/2022\/04\/Samplings-symphonique-extrait1.mp3?_=1\" \/><a href=\"https:\/\/dhalmann.fr\/music\/wp-content\/uploads\/2022\/04\/Samplings-symphonique-extrait1.mp3\">https:\/\/dhalmann.fr\/music\/wp-content\/uploads\/2022\/04\/Samplings-symphonique-extrait1.mp3<\/a><\/audio>\n<audio class=\"wp-audio-shortcode\" id=\"audio-8137-2\" preload=\"none\" style=\"width: 100%;\" controls=\"controls\"><source type=\"audio\/mpeg\" src=\"https:\/\/dhalmann.fr\/music\/wp-content\/uploads\/2022\/04\/Samplings-symphonique-extrait2.mp3?_=2\" \/><a href=\"https:\/\/dhalmann.fr\/music\/wp-content\/uploads\/2022\/04\/Samplings-symphonique-extrait2.mp3\">https:\/\/dhalmann.fr\/music\/wp-content\/uploads\/2022\/04\/Samplings-symphonique-extrait2.mp3<\/a><\/audio>\n<audio class=\"wp-audio-shortcode\" id=\"audio-8137-3\" preload=\"none\" style=\"width: 100%;\" controls=\"controls\"><source type=\"audio\/mpeg\" src=\"https:\/\/dhalmann.fr\/music\/wp-content\/uploads\/2022\/04\/Samplings-symphonique-extrait3.mp3?_=3\" \/><a href=\"https:\/\/dhalmann.fr\/music\/wp-content\/uploads\/2022\/04\/Samplings-symphonique-extrait3.mp3\">https:\/\/dhalmann.fr\/music\/wp-content\/uploads\/2022\/04\/Samplings-symphonique-extrait3.mp3<\/a><\/audio>\n<p>&nbsp;<\/p>\n","protected":false},"excerpt":{"rendered":"<h2>Samplings &#8211; Concerto pour marimba et orchestre symphonique &#8211; Jean-Luc Rimey-Meille<\/h2>\n<p>Mat\u00e9riel complet, conducteur et parties s\u00e9par\u00e9es en vente au format imprim\u00e9 ou en t\u00e9l\u00e9chargement imm\u00e9diat.<\/p>\n","protected":false},"featured_media":9206,"template":"","meta":{"ocean_post_layout":"","ocean_both_sidebars_style":"","ocean_both_sidebars_content_width":0,"ocean_both_sidebars_sidebars_width":0,"ocean_sidebar":"0","ocean_second_sidebar":"0","ocean_disable_margins":"enable","ocean_add_body_class":"","ocean_shortcode_before_top_bar":"","ocean_shortcode_after_top_bar":"","ocean_shortcode_before_header":"","ocean_shortcode_after_header":"","ocean_has_shortcode":"","ocean_shortcode_after_title":"","ocean_shortcode_before_footer_widgets":"","ocean_shortcode_after_footer_widgets":"","ocean_shortcode_before_footer_bottom":"","ocean_shortcode_after_footer_bottom":"","ocean_display_top_bar":"default","ocean_display_header":"default","ocean_header_style":"","ocean_center_header_left_menu":"0","ocean_custom_header_template":"0","ocean_custom_logo":0,"ocean_custom_retina_logo":0,"ocean_custom_logo_max_width":0,"ocean_custom_logo_tablet_max_width":0,"ocean_custom_logo_mobile_max_width":0,"ocean_custom_logo_max_height":0,"ocean_custom_logo_tablet_max_height":0,"ocean_custom_logo_mobile_max_height":0,"ocean_header_custom_menu":"0","ocean_menu_typo_font_family":"0","ocean_menu_typo_font_subset":"","ocean_menu_typo_font_size":0,"ocean_menu_typo_font_size_tablet":0,"ocean_menu_typo_font_size_mobile":0,"ocean_menu_typo_font_size_unit":"px","ocean_menu_typo_font_weight":"","ocean_menu_typo_font_weight_tablet":"","ocean_menu_typo_font_weight_mobile":"","ocean_menu_typo_transform":"","ocean_menu_typo_transform_tablet":"","ocean_menu_typo_transform_mobile":"","ocean_menu_typo_line_height":0,"ocean_menu_typo_line_height_tablet":0,"ocean_menu_typo_line_height_mobile":0,"ocean_menu_typo_line_height_unit":"","ocean_menu_typo_spacing":0,"ocean_menu_typo_spacing_tablet":0,"ocean_menu_typo_spacing_mobile":0,"ocean_menu_typo_spacing_unit":"","ocean_menu_link_color":"","ocean_menu_link_color_hover":"","ocean_menu_link_color_active":"","ocean_menu_link_background":"","ocean_menu_link_hover_background":"","ocean_menu_link_active_background":"","ocean_menu_social_links_bg":"","ocean_menu_social_hover_links_bg":"","ocean_menu_social_links_color":"","ocean_menu_social_hover_links_color":"","ocean_disable_title":"default","ocean_disable_heading":"default","ocean_post_title":"","ocean_post_subheading":"","ocean_post_title_style":"","ocean_post_title_background_color":"","ocean_post_title_background":0,"ocean_post_title_bg_image_position":"","ocean_post_title_bg_image_attachment":"","ocean_post_title_bg_image_repeat":"","ocean_post_title_bg_image_size":"","ocean_post_title_height":0,"ocean_post_title_bg_overlay":0.5,"ocean_post_title_bg_overlay_color":"","ocean_disable_breadcrumbs":"default","ocean_breadcrumbs_color":"","ocean_breadcrumbs_separator_color":"","ocean_breadcrumbs_links_color":"","ocean_breadcrumbs_links_hover_color":"","ocean_display_footer_widgets":"default","ocean_display_footer_bottom":"default","ocean_custom_footer_template":"0"},"product_brand":[610],"product_cat":[184,143,138,52],"product_tag":[],"class_list":{"0":"post-8137","1":"product","2":"type-product","3":"status-publish","4":"has-post-thumbnail","6":"product_brand-editions-francois-dhalmann","7":"product_cat-concerto","8":"product_cat-marimba","9":"product_cat-orchestre-symphonique","10":"product_cat-rimey-meille-jean-luc","11":"pa_difficulte-difficile","13":"entry","14":"has-media","16":"first","17":"instock","18":"taxable","19":"shipping-taxable","20":"purchasable","21":"product-type-variable","22":"add-to-wishlist-before_image","23":"has-product-nav","24":"col","25":"span_1_of_4","26":"owp-content-center","27":"owp-thumbs-layout-horizontal","28":"owp-btn-normal","29":"owp-tabs-layout-horizontal"},"yoast_head":"<!-- This site is optimized with the Yoast SEO plugin v27.5 - https:\/\/yoast.com\/product\/yoast-seo-wordpress\/ -->\n<title>Samplings - Concerto pour marimba et orchestre symphonique - Jean-Luc Rimey-Meille - Editions Fran\u00e7ois Dhalmann<\/title>\n<meta name=\"description\" content=\"Partition en vente directe sur le site des Editions Fran\u00e7ois Dhalmann. Partition au format imprim\u00e9 ou en t\u00e9l\u00e9chargement imm\u00e9diat.\" \/>\n<meta name=\"robots\" content=\"index, follow, max-snippet:-1, max-image-preview:large, max-video-preview:-1\" \/>\n<link rel=\"canonical\" href=\"https:\/\/dhalmann.fr\/music\/produit\/samplings-concerto-pour-marimba-et-orchestre-symphonique-jean-luc-rimey-meille\/\" \/>\n<meta property=\"og:locale\" content=\"fr_FR\" \/>\n<meta property=\"og:type\" content=\"article\" \/>\n<meta property=\"og:title\" content=\"Samplings - Concerto pour marimba et orchestre symphonique - Jean-Luc Rimey-Meille - Editions Fran\u00e7ois Dhalmann\" \/>\n<meta property=\"og:description\" content=\"Partition en vente directe sur le site des Editions Fran\u00e7ois Dhalmann. Partition au format imprim\u00e9 ou en t\u00e9l\u00e9chargement imm\u00e9diat.\" \/>\n<meta property=\"og:url\" content=\"https:\/\/dhalmann.fr\/music\/produit\/samplings-concerto-pour-marimba-et-orchestre-symphonique-jean-luc-rimey-meille\/\" \/>\n<meta property=\"og:site_name\" content=\"Editions Fran\u00e7ois Dhalmann\" \/>\n<meta property=\"article:publisher\" content=\"https:\/\/www.facebook.com\/EditionsDhalmann\/\" \/>\n<meta property=\"article:modified_time\" content=\"2026-04-21T12:30:45+00:00\" \/>\n<meta property=\"og:image\" content=\"https:\/\/dhalmann.fr\/music\/wp-content\/uploads\/2022\/04\/FD0784_Samplings_symphonique.webp\" \/>\n\t<meta property=\"og:image:width\" content=\"1280\" \/>\n\t<meta property=\"og:image:height\" content=\"1807\" \/>\n\t<meta property=\"og:image:type\" content=\"image\/webp\" \/>\n<meta name=\"twitter:card\" content=\"summary_large_image\" \/>\n<meta name=\"twitter:site\" content=\"@editiondhalmann\" \/>\n<meta name=\"twitter:label1\" content=\"Dur\u00e9e de lecture estim\u00e9e\" \/>\n\t<meta name=\"twitter:data1\" content=\"2 minutes\" \/>\n<script type=\"application\/ld+json\" class=\"yoast-schema-graph\">{\"@context\":\"https:\\\/\\\/schema.org\",\"@graph\":[{\"@type\":\"WebPage\",\"@id\":\"https:\\\/\\\/dhalmann.fr\\\/music\\\/produit\\\/samplings-concerto-pour-marimba-et-orchestre-symphonique-jean-luc-rimey-meille\\\/\",\"url\":\"https:\\\/\\\/dhalmann.fr\\\/music\\\/produit\\\/samplings-concerto-pour-marimba-et-orchestre-symphonique-jean-luc-rimey-meille\\\/\",\"name\":\"Samplings - Concerto pour marimba et orchestre symphonique - Jean-Luc Rimey-Meille - Editions Fran\u00e7ois Dhalmann\",\"isPartOf\":{\"@id\":\"https:\\\/\\\/dhalmann.fr\\\/music\\\/#website\"},\"primaryImageOfPage\":{\"@id\":\"https:\\\/\\\/dhalmann.fr\\\/music\\\/produit\\\/samplings-concerto-pour-marimba-et-orchestre-symphonique-jean-luc-rimey-meille\\\/#primaryimage\"},\"image\":{\"@id\":\"https:\\\/\\\/dhalmann.fr\\\/music\\\/produit\\\/samplings-concerto-pour-marimba-et-orchestre-symphonique-jean-luc-rimey-meille\\\/#primaryimage\"},\"thumbnailUrl\":\"https:\\\/\\\/dhalmann.fr\\\/music\\\/wp-content\\\/uploads\\\/2022\\\/04\\\/FD0784_Samplings_symphonique.webp\",\"datePublished\":\"2022-04-26T14:58:36+00:00\",\"dateModified\":\"2026-04-21T12:30:45+00:00\",\"description\":\"Partition en vente directe sur le site des Editions Fran\u00e7ois Dhalmann. Partition au format imprim\u00e9 ou en t\u00e9l\u00e9chargement imm\u00e9diat.\",\"breadcrumb\":{\"@id\":\"https:\\\/\\\/dhalmann.fr\\\/music\\\/produit\\\/samplings-concerto-pour-marimba-et-orchestre-symphonique-jean-luc-rimey-meille\\\/#breadcrumb\"},\"inLanguage\":\"fr-FR\",\"potentialAction\":[{\"@type\":\"ReadAction\",\"target\":[\"https:\\\/\\\/dhalmann.fr\\\/music\\\/produit\\\/samplings-concerto-pour-marimba-et-orchestre-symphonique-jean-luc-rimey-meille\\\/\"]}]},{\"@type\":\"ImageObject\",\"inLanguage\":\"fr-FR\",\"@id\":\"https:\\\/\\\/dhalmann.fr\\\/music\\\/produit\\\/samplings-concerto-pour-marimba-et-orchestre-symphonique-jean-luc-rimey-meille\\\/#primaryimage\",\"url\":\"https:\\\/\\\/dhalmann.fr\\\/music\\\/wp-content\\\/uploads\\\/2022\\\/04\\\/FD0784_Samplings_symphonique.webp\",\"contentUrl\":\"https:\\\/\\\/dhalmann.fr\\\/music\\\/wp-content\\\/uploads\\\/2022\\\/04\\\/FD0784_Samplings_symphonique.webp\",\"width\":1280,\"height\":1807,\"caption\":\"Couverture de la partition \\\"Samplings\\\"\"},{\"@type\":\"BreadcrumbList\",\"@id\":\"https:\\\/\\\/dhalmann.fr\\\/music\\\/produit\\\/samplings-concerto-pour-marimba-et-orchestre-symphonique-jean-luc-rimey-meille\\\/#breadcrumb\",\"itemListElement\":[{\"@type\":\"ListItem\",\"position\":1,\"name\":\"Home\",\"item\":\"https:\\\/\\\/dhalmann.fr\\\/music\\\/\"},{\"@type\":\"ListItem\",\"position\":2,\"name\":\"Boutique\",\"item\":\"https:\\\/\\\/dhalmann.fr\\\/music\\\/boutique\\\/\"},{\"@type\":\"ListItem\",\"position\":3,\"name\":\"Samplings &#8211; Concerto pour marimba et orchestre symphonique &#8211; Jean-Luc Rimey-Meille\"}]},{\"@type\":\"WebSite\",\"@id\":\"https:\\\/\\\/dhalmann.fr\\\/music\\\/#website\",\"url\":\"https:\\\/\\\/dhalmann.fr\\\/music\\\/\",\"name\":\"Editions Fran\u00e7ois Dhalmann\",\"description\":\"Partitions musicales des Editions Dhalmann pour tous les instruments - Percussion, piano, cordes, vents, ensemble, orchestre et bien plus\",\"publisher\":{\"@id\":\"https:\\\/\\\/dhalmann.fr\\\/music\\\/#organization\"},\"alternateName\":\"Dhalmann\",\"potentialAction\":[{\"@type\":\"SearchAction\",\"target\":{\"@type\":\"EntryPoint\",\"urlTemplate\":\"https:\\\/\\\/dhalmann.fr\\\/music\\\/?s={search_term_string}\"},\"query-input\":{\"@type\":\"PropertyValueSpecification\",\"valueRequired\":true,\"valueName\":\"search_term_string\"}}],\"inLanguage\":\"fr-FR\"},{\"@type\":\"Organization\",\"@id\":\"https:\\\/\\\/dhalmann.fr\\\/music\\\/#organization\",\"name\":\"Editions Francois Dhalmann\",\"alternateName\":\"Dhalmann\",\"url\":\"https:\\\/\\\/dhalmann.fr\\\/music\\\/\",\"logo\":{\"@type\":\"ImageObject\",\"inLanguage\":\"fr-FR\",\"@id\":\"https:\\\/\\\/dhalmann.fr\\\/music\\\/#\\\/schema\\\/logo\\\/image\\\/\",\"url\":\"https:\\\/\\\/dhalmann.fr\\\/music\\\/wp-content\\\/uploads\\\/2021\\\/07\\\/editions-francois-dhalmann-1397749175.jpg\",\"contentUrl\":\"https:\\\/\\\/dhalmann.fr\\\/music\\\/wp-content\\\/uploads\\\/2021\\\/07\\\/editions-francois-dhalmann-1397749175.jpg\",\"width\":559,\"height\":354,\"caption\":\"Editions Francois Dhalmann\"},\"image\":{\"@id\":\"https:\\\/\\\/dhalmann.fr\\\/music\\\/#\\\/schema\\\/logo\\\/image\\\/\"},\"sameAs\":[\"https:\\\/\\\/www.facebook.com\\\/EditionsDhalmann\\\/\",\"https:\\\/\\\/x.com\\\/editiondhalmann\",\"https:\\\/\\\/www.youtube.com\\\/channel\\\/UCZdGOJXKqg6ByF1pQloitAg\"]}]}<\/script>\n<!-- \/ Yoast SEO plugin. -->","yoast_head_json":{"title":"Samplings - Concerto pour marimba et orchestre symphonique - Jean-Luc Rimey-Meille - Editions Fran\u00e7ois Dhalmann","description":"Partition en vente directe sur le site des Editions Fran\u00e7ois Dhalmann. Partition au format imprim\u00e9 ou en t\u00e9l\u00e9chargement imm\u00e9diat.","robots":{"index":"index","follow":"follow","max-snippet":"max-snippet:-1","max-image-preview":"max-image-preview:large","max-video-preview":"max-video-preview:-1"},"canonical":"https:\/\/dhalmann.fr\/music\/produit\/samplings-concerto-pour-marimba-et-orchestre-symphonique-jean-luc-rimey-meille\/","og_locale":"fr_FR","og_type":"article","og_title":"Samplings - Concerto pour marimba et orchestre symphonique - Jean-Luc Rimey-Meille - Editions Fran\u00e7ois Dhalmann","og_description":"Partition en vente directe sur le site des Editions Fran\u00e7ois Dhalmann. Partition au format imprim\u00e9 ou en t\u00e9l\u00e9chargement imm\u00e9diat.","og_url":"https:\/\/dhalmann.fr\/music\/produit\/samplings-concerto-pour-marimba-et-orchestre-symphonique-jean-luc-rimey-meille\/","og_site_name":"Editions Fran\u00e7ois Dhalmann","article_publisher":"https:\/\/www.facebook.com\/EditionsDhalmann\/","article_modified_time":"2026-04-21T12:30:45+00:00","og_image":[{"width":1280,"height":1807,"url":"https:\/\/dhalmann.fr\/music\/wp-content\/uploads\/2022\/04\/FD0784_Samplings_symphonique.webp","type":"image\/webp"}],"twitter_card":"summary_large_image","twitter_site":"@editiondhalmann","twitter_misc":{"Dur\u00e9e de lecture estim\u00e9e":"2 minutes"},"schema":{"@context":"https:\/\/schema.org","@graph":[{"@type":"WebPage","@id":"https:\/\/dhalmann.fr\/music\/produit\/samplings-concerto-pour-marimba-et-orchestre-symphonique-jean-luc-rimey-meille\/","url":"https:\/\/dhalmann.fr\/music\/produit\/samplings-concerto-pour-marimba-et-orchestre-symphonique-jean-luc-rimey-meille\/","name":"Samplings - Concerto pour marimba et orchestre symphonique - Jean-Luc Rimey-Meille - Editions Fran\u00e7ois Dhalmann","isPartOf":{"@id":"https:\/\/dhalmann.fr\/music\/#website"},"primaryImageOfPage":{"@id":"https:\/\/dhalmann.fr\/music\/produit\/samplings-concerto-pour-marimba-et-orchestre-symphonique-jean-luc-rimey-meille\/#primaryimage"},"image":{"@id":"https:\/\/dhalmann.fr\/music\/produit\/samplings-concerto-pour-marimba-et-orchestre-symphonique-jean-luc-rimey-meille\/#primaryimage"},"thumbnailUrl":"https:\/\/dhalmann.fr\/music\/wp-content\/uploads\/2022\/04\/FD0784_Samplings_symphonique.webp","datePublished":"2022-04-26T14:58:36+00:00","dateModified":"2026-04-21T12:30:45+00:00","description":"Partition en vente directe sur le site des Editions Fran\u00e7ois Dhalmann. Partition au format imprim\u00e9 ou en t\u00e9l\u00e9chargement imm\u00e9diat.","breadcrumb":{"@id":"https:\/\/dhalmann.fr\/music\/produit\/samplings-concerto-pour-marimba-et-orchestre-symphonique-jean-luc-rimey-meille\/#breadcrumb"},"inLanguage":"fr-FR","potentialAction":[{"@type":"ReadAction","target":["https:\/\/dhalmann.fr\/music\/produit\/samplings-concerto-pour-marimba-et-orchestre-symphonique-jean-luc-rimey-meille\/"]}]},{"@type":"ImageObject","inLanguage":"fr-FR","@id":"https:\/\/dhalmann.fr\/music\/produit\/samplings-concerto-pour-marimba-et-orchestre-symphonique-jean-luc-rimey-meille\/#primaryimage","url":"https:\/\/dhalmann.fr\/music\/wp-content\/uploads\/2022\/04\/FD0784_Samplings_symphonique.webp","contentUrl":"https:\/\/dhalmann.fr\/music\/wp-content\/uploads\/2022\/04\/FD0784_Samplings_symphonique.webp","width":1280,"height":1807,"caption":"Couverture de la partition \"Samplings\""},{"@type":"BreadcrumbList","@id":"https:\/\/dhalmann.fr\/music\/produit\/samplings-concerto-pour-marimba-et-orchestre-symphonique-jean-luc-rimey-meille\/#breadcrumb","itemListElement":[{"@type":"ListItem","position":1,"name":"Home","item":"https:\/\/dhalmann.fr\/music\/"},{"@type":"ListItem","position":2,"name":"Boutique","item":"https:\/\/dhalmann.fr\/music\/boutique\/"},{"@type":"ListItem","position":3,"name":"Samplings &#8211; Concerto pour marimba et orchestre symphonique &#8211; Jean-Luc Rimey-Meille"}]},{"@type":"WebSite","@id":"https:\/\/dhalmann.fr\/music\/#website","url":"https:\/\/dhalmann.fr\/music\/","name":"Editions Fran\u00e7ois Dhalmann","description":"Partitions musicales des Editions Dhalmann pour tous les instruments - Percussion, piano, cordes, vents, ensemble, orchestre et bien plus","publisher":{"@id":"https:\/\/dhalmann.fr\/music\/#organization"},"alternateName":"Dhalmann","potentialAction":[{"@type":"SearchAction","target":{"@type":"EntryPoint","urlTemplate":"https:\/\/dhalmann.fr\/music\/?s={search_term_string}"},"query-input":{"@type":"PropertyValueSpecification","valueRequired":true,"valueName":"search_term_string"}}],"inLanguage":"fr-FR"},{"@type":"Organization","@id":"https:\/\/dhalmann.fr\/music\/#organization","name":"Editions Francois Dhalmann","alternateName":"Dhalmann","url":"https:\/\/dhalmann.fr\/music\/","logo":{"@type":"ImageObject","inLanguage":"fr-FR","@id":"https:\/\/dhalmann.fr\/music\/#\/schema\/logo\/image\/","url":"https:\/\/dhalmann.fr\/music\/wp-content\/uploads\/2021\/07\/editions-francois-dhalmann-1397749175.jpg","contentUrl":"https:\/\/dhalmann.fr\/music\/wp-content\/uploads\/2021\/07\/editions-francois-dhalmann-1397749175.jpg","width":559,"height":354,"caption":"Editions Francois Dhalmann"},"image":{"@id":"https:\/\/dhalmann.fr\/music\/#\/schema\/logo\/image\/"},"sameAs":["https:\/\/www.facebook.com\/EditionsDhalmann\/","https:\/\/x.com\/editiondhalmann","https:\/\/www.youtube.com\/channel\/UCZdGOJXKqg6ByF1pQloitAg"]}]}},"_links":{"self":[{"href":"https:\/\/dhalmann.fr\/music\/wp-json\/wp\/v2\/product\/8137","targetHints":{"allow":["GET"]}}],"collection":[{"href":"https:\/\/dhalmann.fr\/music\/wp-json\/wp\/v2\/product"}],"about":[{"href":"https:\/\/dhalmann.fr\/music\/wp-json\/wp\/v2\/types\/product"}],"wp:featuredmedia":[{"embeddable":true,"href":"https:\/\/dhalmann.fr\/music\/wp-json\/wp\/v2\/media\/9206"}],"wp:attachment":[{"href":"https:\/\/dhalmann.fr\/music\/wp-json\/wp\/v2\/media?parent=8137"}],"wp:term":[{"taxonomy":"product_brand","embeddable":true,"href":"https:\/\/dhalmann.fr\/music\/wp-json\/wp\/v2\/product_brand?post=8137"},{"taxonomy":"product_cat","embeddable":true,"href":"https:\/\/dhalmann.fr\/music\/wp-json\/wp\/v2\/product_cat?post=8137"},{"taxonomy":"product_tag","embeddable":true,"href":"https:\/\/dhalmann.fr\/music\/wp-json\/wp\/v2\/product_tag?post=8137"}],"curies":[{"name":"wp","href":"https:\/\/api.w.org\/{rel}","templated":true}]}}